{"id":11968,"date":"2023-03-21T13:44:48","date_gmt":"2023-03-21T12:44:48","guid":{"rendered":"https:\/\/radiosummernight.ch\/?page_id=11968"},"modified":"2026-09-04T15:25:45","modified_gmt":"2026-09-04T13:25:45","slug":"schulen","status":"publish","type":"page","link":"https:\/\/radiosummernight.ch\/en\/schulen\/","title":{"rendered":"Project weeks for schools"},"content":{"rendered":"<div  data-label=\"Overlappable\" data-id=\"overlappable--2\" data-export-id=\"overlappable-5\" data-category=\"overlappable\" class=\"overlappable-5 content-section content-section-spacing\" data-overlap=\"true\" id=\"overlappable-2\" style=\"background-color: rgb(255, 255, 255);\"><div  class=\"gridContainer\"><div  data-type=\"row\" class=\"row shadow-medium bg-color-white\"><div  class=\"col-xs-12 col-sm-4 col-padding col-padding-xs bg-color-white\"><div  class=\"row middle-sm\"><div  class=\"col-xs-12 col-sm-fit icon-column\"> <i  class=\"fa icon fa-volume-up bordered round color1\"><\/i><\/div><div  data-type=\"column\" class=\"col-xs-12 col-sm v-spacing\"><h5  class=\"\">Live features<\/h5><\/div><\/div><div  class=\"row\"><div  class=\"col-xs-12 col-sm-12\" data-type=\"column\"><p  class=\"\">Producing live content and publishing radio features motivates pupils to engage with new topics and present them.<\/p><\/div><\/div><\/div><div  class=\"col-xs-12 col-sm-4 col-padding col-padding-xs bg-color-white\"><div  class=\"row middle-sm\"><div  class=\"col-xs-12 col-sm-fit icon-column\"><i  class=\"fa icon fa-handshake-o bordered round color1\"><\/i><\/div><div  data-type=\"column\" class=\"col-xs-12 col-sm v-spacing\"><h5  class=\"\">Participation<\/h5><\/div><\/div><div  class=\"row\"><div  class=\"col-xs-12 col-sm-12\" data-type=\"column\"><p  class=\"\">Our project days and weeks are structured so that children and young people can decide on their own content. Whether it is a radio feature, report or podcast, many things are possible.<\/p><\/div><\/div><\/div><div  class=\"col-xs-12 col-sm-4 col-padding col-padding-xs bg-color-white\"><div  class=\"row middle-sm\"><div  class=\"col-xs-12 col-sm-fit icon-column\"><i  class=\"fa icon fa-book bordered round color1\"><\/i><\/div><div  data-type=\"column\" class=\"col-xs-12 col-sm v-spacing\"><h5  class=\"\">Learning materials and resources<\/h5><\/div><\/div><div  class=\"row\"><div  class=\"col-xs-12 col-sm-12\" data-type=\"column\"><p  class=\"\">The course books are written in a way that is easy to understand for every age group and include many guides, so that what has been learned can also be reviewed after the course.<\/p><\/div><\/div><\/div><\/div><\/div><\/div><div  data-label=\"Content\" data-id=\"content--1\" data-export-id=\"content-15\" data-category=\"content\" class=\"content-15 content-section content-section-spacing\" id=\"content-1\" style=\"background-color: rgb(245, 250, 253);\"><div  class=\"gridContainer\"><div  class=\"row middle-sm\"><div  class=\"col-sm-6 flexbox around-xs top-xs space-bottom-xs space-top-xs\"><div  class=\"overlay-box flexbox middle-xs center-xs overlay-holder\"><div  class=\"overlay-box-offset offset-border shadow-medium border-color2 hide-xs\"><\/div> <img  wpfc-lazyload-disable=\"true\" decoding=\"async\" class=\"flexbox shadow-large img1 lazy loaded\" data-size=\"500x500\" src=\"https:\/\/radiosummernight.ch\/upload\/DSC_5421-scaled.jpeg\" data-src=\"https:\/\/radiosummernight.ch\/upload\/DSC_5421-scaled.jpeg\" title=\"DSC_5421\" alt=\"Projektwochen f\u00fcr Schulen\" data-was-processed=\"true\" data-=\"\"><\/div><\/div><div  class=\"col-sm-6\" data-type=\"column\"><h2  class=\"\">Media in the classroom<\/h2><p  class=\"\">Media literacy should be taught to pupils. But how can media be brought into the classroom in a well-founded, attractive and motivating way? Schools often lack the necessary infrastructure, so everything remains dry theory. This is where Radio Summernight comes in, offering radio projects, project days and project weeks for schools. Young people contribute their own ideas and interests and shape the radio programme. This practical way of working with media has proven successful many times. The courses and workshops held so far confirm the success of the concept.<\/p><p  class=\"\">Pupils learn to navigate the media and virtual environment by engaging with sources and creating their own radio contributions and articles, acting in accordance with laws, rules and value systems. During project days, they also learn to decode, reflect on and use media and media content.<br > During the project week with Radio Summernight, pupils learn to turn thoughts, opinions, experiences and knowledge into media contributions and to publish them while taking laws, rules and value systems into account. Interactive use and exchange with other pupils strengthen media literacy, as required by Curriculum 21 and taught through the project days.<\/p><\/div><\/div><\/div><\/div><div  data-label=\"Content\" data-id=\"content--2\" data-export-id=\"content-16\" data-category=\"content\" class=\"content-16 content-section content-section-spacing\" id=\"content-2\" style=\"background-color: rgb(255, 255, 255);\"><div  class=\"gridContainer\"><div  class=\"row middle-sm\"><div  class=\"col-sm-6 space-bottom-xs\" data-type=\"column\"><h2  class=\"\">Promoting skills<\/h2><p  class=\"\">The project week promotes a range of skills that are important at school and in social life. Working on and researching texts for radio content, for example, promotes German expression, spelling and reading comprehension. It also promotes general knowledge and engagement with current topics in the media.<\/p><\/div><div  class=\"col-sm-6 flexbox around-xs top-xs space-top-xs space-bottom-xs\"><div  class=\"overlay-box flexbox middle-xs center-xs overlay-holder\"><div  class=\"overlay-box-offset offset-border shadow-medium border-color2 hide-xs\"><\/div> <img  wpfc-lazyload-disable=\"true\" decoding=\"async\" class=\"flexbox shadow-large img1 lazy loaded\" data-size=\"500x500\" src=\"https:\/\/radiosummernight.ch\/upload\/2023\/03\/cropped-cropped-Andrin-Hunziker-.png\" data-src=\"https:\/\/radiosummernight.ch\/upload\/2023\/03\/cropped-cropped-Andrin-Hunziker-.png\" title=\"Andrin Hunziker\" alt=\"Projektwochen f\u00fcr Schulen\" data-was-processed=\"true\" data-=\"\"><\/div><\/div><\/div><\/div><\/div><div  data-label=\"Content\" data-id=\"content--3\" data-export-id=\"content-15\" data-category=\"content\" class=\"content-15 content-section content-section-spacing\" id=\"content-3\" style=\"background-color: rgb(245, 250, 253);\"><div  class=\"gridContainer\"><div  class=\"row middle-sm\"><div  class=\"col-sm-6 flexbox around-xs top-xs space-bottom-xs space-top-xs\"><div  class=\"overlay-box flexbox middle-xs center-xs overlay-holder\"><div  class=\"overlay-box-offset offset-border shadow-medium border-color2 hide-xs\"><\/div> <img  wpfc-lazyload-disable=\"true\" decoding=\"async\" class=\"flexbox shadow-large img1 lazy loaded\" data-size=\"500x500\" src=\"https:\/\/radiosummernight.ch\/upload\/2023\/01\/B4C831CF-A1F3-4E84-BB9C-3E91A5001E9E.jpeg\" data-src=\"https:\/\/radiosummernight.ch\/upload\/2023\/01\/B4C831CF-A1F3-4E84-BB9C-3E91A5001E9E.jpeg\" title=\"B4C831CF-A1F3-4E84-BB9C-3E91A5001E9E\" alt=\"Projektwochen f\u00fcr Schulen\" data-was-processed=\"true\" data-=\"\"><\/div><\/div><div  class=\"col-sm-6\" data-type=\"column\"><h2  class=\"\">Using computers purposefully<\/h2><p  class=\"\">With the project week, we show that media and technical devices are not only for entertainment, but can also be used as working tools and aids. During the project week, pupils engage intensively with new media and learn to use them responsibly. Through research and guided engagement with topics, participants learn about the opportunities and risks of new media.<\/p><\/div><\/div><\/div><\/div><div  data-label=\"Content\" data-id=\"content--4\" data-export-id=\"content-16\" data-category=\"content\" class=\"content-16 content-section content-section-spacing\" id=\"content-4\" style=\"background-color: rgb(255, 255, 255);\"><div  class=\"gridContainer\"><div  class=\"row middle-sm\"><div  class=\"col-sm-6 space-bottom-xs\" data-type=\"column\"><h2  class=\"\">Radio project as good practice<\/h2><p  class=\"\">The Association for Open Child and Youth Work in Bern has highlighted us as an example of good practice in one of its foundation papers.\n\nOur youth radio station offers exciting radio workshops for school classes, where students learn technical skills as well as creative abilities such as conducting interviews and presenting.\n\nThese hands-on experiences strengthen media literacy, teamwork and self-confidence. This recognition confirms the quality of our work, and we look forward to many more exciting projects in the future.<\/p> <a  class=\"button color1\" href=\"https:\/\/radiosummernight.ch\/upload\/IssueDigitaleOKJA_April2023_voja.pdf\" target=\"_self\" data-cp-link=\"1\" data-icon=\"\" rel=\"noopener\">Read the OKJA Bern paper<\/a><\/div><div  class=\"col-sm-6 flexbox around-xs top-xs space-top-xs space-bottom-xs\"><div  class=\"overlay-box flexbox middle-xs center-xs overlay-holder\"><div  class=\"overlay-box-offset offset-border shadow-medium border-color2 hide-xs\"><\/div> <img  decoding=\"async\" class=\"flexbox shadow-large img1 lazy loaded\" data-size=\"500x500\" src=\"https:\/\/radiosummernight.ch\/upload\/cropped-Unbenannt-1.png\" data-src=\"https:\/\/radiosummernight.ch\/upload\/cropped-Unbenannt-1.png\" title=\"Unbenannt\" alt=\"Projektwochen f\u00fcr Schulen\" data-was-processed=\"true\" data-=\"\"><\/div><\/div><\/div><\/div><\/div><div  data-label=\"About\" data-id=\"about--3\" data-export-id=\"about-7\" data-category=\"about\" class=\"about-7 content-section content-section-spacing\" id=\"about-3\" style=\"background-color: rgb(255, 255, 255);\"><div  class=\"gridContainer\"><div  class=\"row middle-sm text-center\"><div  class=\"col-sm-6 space-bottom-xs\" data-type=\"column\"><h2  class=\"\">R\u00fcti ZH, Aarau or at your school with the radio bus<\/h2><p  class=\"\">Our workshops for school classes can take place at different locations, depending on your needs and preferences. Whether in R\u00fcti ZH, Aarau or at another location of your choice, for example in your school playground, we can adapt to your setting.\n\nThis flexibility allows us to offer tailored learning experiences and make the workshops engaging, practical and exciting.<\/p><\/div><div  class=\"col-sm-6 col-relative space-bottom-xs\"><div  class=\"row spaced-cols\"><div  class=\"col-xs-6 flexbox middle-xs center-xs\"> <img  decoding=\"async\" class=\"shadow-large lazy loaded\" data-size=\"300x300\" src=\"https:\/\/radiosummernight.ch\/upload\/cropped-IMG_1984-1-scaled-1.jpg\" data-src=\"https:\/\/radiosummernight.ch\/upload\/cropped-IMG_2925-scaled-1.jpeg\" alt=\"Projektwochen f\u00fcr Schulen\" title=\"IMG_1984\" data-was-processed=\"true\"><\/div><div  class=\"col-xs-6 flexbox middle-xs center-xs\"> <img  decoding=\"async\" class=\"shadow-large lazy loaded\" data-size=\"300x300\" src=\"https:\/\/radiosummernight.ch\/upload\/cropped-IMG_5427-scaled-1.jpg\" data-src=\"https:\/\/radiosummernight.ch\/upload\/cropped-P1071767-scaled-1.jpg\" alt=\"Projektwochen f\u00fcr Schulen\" title=\"IMG_5427\" data-was-processed=\"true\"><\/div><div  class=\"col-xs-6 flexbox middle-xs center-xs\"> <img  decoding=\"async\" class=\"shadow-large lazy loaded\" data-size=\"300x300\" src=\"https:\/\/radiosummernight.ch\/upload\/2026\/07\/cropped-radiobuss-sommer-2026-01.jpg\" data-src=\"https:\/\/radiosummernight.ch\/upload\/cropped-bb9d86dc-5b0c-415c-b01b-c1dad6e885b1.jpeg\" alt=\"Projektwochen f\u00fcr Schulen\" title=\"cropped-radiobuss-sommer-2026-01.jpg\" data-was-processed=\"true\" data-=\"\"><\/div><div  class=\"col-xs-6 flexbox middle-xs center-xs\"> <img  decoding=\"async\" class=\"shadow-large lazy loaded\" data-size=\"300x300\" src=\"https:\/\/radiosummernight.ch\/upload\/2026\/06\/0F84D70E-BA13-4060-BA5A-A9CF4F7669C5.jpeg\" data-src=\"https:\/\/radiosummernight.ch\/upload\/cropped-P1071746-scaled-1.jpg\" alt=\"Projektwochen f\u00fcr Schulen\" title=\"0F84D70E-BA13-4060-BA5A-A9CF4F7669C5\" data-was-processed=\"true\" data-=\"\"><\/div><\/div><div  class=\"center-overlay inner-shadow border-large\"><\/div><\/div><\/div><\/div><\/div><div  data-label=\"Testimonials\" data-id=\"testimonials--1\" data-export-id=\"testimonials-2\" data-category=\"testimonials\" class=\"testimonials-1 content-section content-section-spacing\" id=\"testimonials-1\" style=\"background-color: rgb(255, 255, 255);\"><div  class=\"gridContainer\"><div  class=\"row\"><div  data-type=\"column\" class=\"section-title-col\"><\/div><\/div><div  class=\"row spaced-cols content-center-sm\" data-type=\"row\"><div  class=\"col-xs-12 col-sm-6 col-md-4\"><p  class=\"\">\u00ab Es war eine wunderbare M\u00f6glichkeit Kultur und Praxis zu vereinen. Also geht mit euren Kids zum Jugendradio Summernight!\u00bb&nbsp;<\/p> <img  decoding=\"async\" src=\"https:\/\/radiosummernight.ch\/upload\/cropped-IMG_0644-scaled-1.jpeg\" data-src=\"https:\/\/radiosummernight.ch\/upload\/cropped-IMG_0644-scaled-1.jpeg\" class=\"round icon lazy loaded\" title=\"IMG_0644\" alt=\"Projektwochen f\u00fcr Schulen\" data-was-processed=\"true\" data-=\"\"><h5  class=\"\">Patricia Sigl<\/h5><p  class=\"small\" style=\"font-style: italic;\">Lehrperson \u2013 Schule R\u00fcti ZH<\/p><\/div><div  class=\"col-xs-12 col-sm-6 col-md-4\"><p  class=\"\">\u00ab Wir haben grosse Freude an den Beitr\u00e4gen und an den Livesendungen. Im Rankig der besten Workshops in der Projektwoche sind wir jedenfalls ganz oben.\u00bb&nbsp;<\/p> <img  decoding=\"async\" src=\"https:\/\/radiosummernight.ch\/upload\/2023\/01\/Bilder-Team-RSN.png\" data-src=\"https:\/\/radiosummernight.ch\/upload\/2023\/01\/Bilder-Team-RSN.png\" class=\"round icon lazy loaded\" title=\"Bilder Team RSN\" alt=\"Noch kein Bild vorhanden.\" data-was-processed=\"true\"><h5  class=\"\">Monika Hauser<\/h5><p  class=\"small\" style=\"font-style: italic;\">Lehrperson \u2013 Schule Horgen<\/p><\/div><div  class=\"col-xs-12 col-sm-6 col-md-4\"><p  class=\"\">\u00ab Der Radioworkshop ist gut organisiert, so dass es einem nie langweilig wird. Wir bekommen einen spannenden Einblick in einen anderen Bereich, den wir sonst im Berufs- oder Schulalltag nicht haben.&nbsp;\u00bb&nbsp;<\/p> <img  decoding=\"async\" src=\"https:\/\/radiosummernight.ch\/upload\/cropped-Radio_3-scaled-1.jpeg\" data-src=\"https:\/\/radiosummernight.ch\/upload\/cropped-Radio_3-scaled-1.jpeg\" class=\"round icon lazy loaded\" title=\"Radio_3\" alt=\"Projektwochen f\u00fcr Schulen\" data-was-processed=\"true\" data-=\"\"><h5  class=\"\">Lea Kosco<\/h5><p  class=\"small\" style=\"font-style: italic;\">Sch\u00fclerin \u2013&nbsp; BWZ Rapperswil (2. KV-Lehrjahr)<\/p><\/div><div  class=\"col-xs-12 col-sm-6 col-md-4\"><p  class=\"\">\u00ab Mit unseren Oberstufensch\u00fclern haben wir w\u00e4hrend einer Projektwoche im Studio von Radio SummerNight eine Sendung aufgenommen. Eine tolle &amp; bereichernde Erfahrung \u2013 alle waren engagiert, recherchierten und moderierten und vergassen sogar die Pausen.&nbsp;\u00bb<\/p> <img  decoding=\"async\" src=\"https:\/\/radiosummernight.ch\/upload\/cropped-cropped-IMG_2964-scaled-1.jpeg\" data-src=\"https:\/\/radiosummernight.ch\/upload\/cropped-cropped-IMG_2964-scaled-1.jpeg\" class=\"round icon lazy loaded\" title=\"IMG_2964\" alt=\"Projektwochen f\u00fcr Schulen\" data-was-processed=\"true\" data-=\"\"><h5  class=\"\">Anita Blaser Ali&nbsp;<\/h5><p  class=\"small\" style=\"font-style: italic;\">Lehrperson \u2013&nbsp;SEK EINS H\u00d6FE&nbsp;<\/p><\/div><div  class=\"col-xs-12 col-sm-6 col-md-4\"><p  class=\"\">\u00ab Die SuS konnten zu frei gew\u00e4hlten Themen Ihre Radio-Beitr\u00e4ge gestalten. Dem aufgestellten Team bei Radio Summernight ist es gelungen, auf die einzelnen Lernenden einzugehen und sie f\u00fcr Recherche, Aufnahme und Live-Sendung zu motivieren: Ein spannender Einblick hinter die \u201eRadio-Kulissen\u201c.\u00bb<\/p> <img  decoding=\"async\" src=\"https:\/\/radiosummernight.ch\/upload\/cropped-59933.jpg\" data-src=\"https:\/\/radiosummernight.ch\/upload\/cropped-IMG_0644-scaled-1.jpeg\" class=\"round icon lazy loaded\" title=\"cropped-59933.jpg\" alt=\"Projektwochen f\u00fcr Schulen\" data-was-processed=\"true\" data-=\"\"><h5  class=\"\">BWZ Rapperswil<\/h5><p  class=\"small\" style=\"font-style: italic;\">Lehrpersonen \u2013 BWZ Rapperswil<\/p><\/div><\/div><\/div><\/div><div  data-label=\"Cta\" data-id=\"cta--1\" data-export-id=\"cta-blue-section\" data-category=\"cta\" class=\"cta-blue-section content-section content-section-spacing-medium bg-color1 white-text\" id=\"cta-1\"><div  class=\"gridContainer\"><div  class=\"row middle-xs\"><div  class=\"col-sm-8 space-bottom-xs\" data-type=\"column\"><h2  class=\"\">Request a workshop now<\/h2><\/div><div  class=\"col-sm-4 end-sm\" data-type=\"column\"> <a  class=\"button color-white dark-text\" href=\"https:\/\/radiosummernight.ch\/en\/schulen\/#kontakt\" target=\"_self\" data-cp-link=\"1\" data-icon=\"\" rel=\"noopener\">Contact<\/a><\/div><\/div><\/div><\/div><div  data-label=\"Team\" data-id=\"team--2\" data-export-id=\"team-1\" data-category=\"team\" class=\"team-1 content-section content-section-spacing content-relative\" id=\"team-2\" style=\"background-color: rgb(245, 250, 253);\"><div  class=\"section-separator-top\"> <svg  class=\"section-separator-top\" data-separator-name=\"triangle-asymmetrical-negative\" preserveaspectratio=\"none\" viewbox=\"0 0 1000 100\" xmlns=\"http:\/\/www.w3.org\/2000\/svg\"> <path  class=\"svg-white-bg\" d=\"M737.9,94.7L0,0v100h1000V0L737.9,94.7z\"><\/path> <\/svg><\/div><div  class=\"gridContainer\"><div  class=\"row text-center\"><div  class=\"section-title-col\" data-type=\"column\"><h2  class=\"\">Our workshop team<\/h2><\/div><\/div><div  class=\"row spaced-cols content-center-sm\" data-type=\"row\"><div  class=\"col-xs-12 col-sm-6 col-md-3\"><div  class=\"card bottom-border-color1 no-padding no-shadow\"> <img  wpfc-lazyload-disable=\"true\" decoding=\"async\" class=\"face lazy\" src=\"https:\/\/radiosummernight.ch\/upload\/Kein-Titel-10.416-\u00d7-10.416-Zoll.png\" data-src=\"https:\/\/radiosummernight.ch\/upload\/Kein-Titel-10.416-\u00d7-10.416-Zoll.png\" title=\"Gian-Luca Biechler\" alt=\"Projektwochen f\u00fcr Schulen\" data-=\"\"><div  data-type=\"column\" class=\"col-padding-small col-padding-small-xs description-container\"><h4  class=\"font-500\">Gian-Luca Biechler<\/h4><p  class=\"small\" style=\"font-style: italic;\">Social worker, BA<\/p><div  class=\"social-icons-group\" data-type=\"group\"> <a  href=\"#\" target=\"_self\" data-reiki-hidden=\"true\" rel=\"noopener\"><i  class=\"fa icon fa-facebook-square gray\"><\/i><\/a> <a  href=\"#\" target=\"_self\" data-reiki-hidden=\"true\" rel=\"noopener\"><i  class=\"fa icon fa-twitter-square gray\"><\/i><\/a> <a  href=\"#\" target=\"_self\" data-reiki-hidden=\"true\" rel=\"noopener\"><i  class=\"fa icon fa-linkedin-square gray\"><\/i><\/a> <a  href=\"#\" target=\"_self\" data-reiki-hidden=\"true\" rel=\"noopener\"><i  class=\"fa icon fa-google-plus-square gray\"><\/i><\/a><\/div><\/div><\/div><\/div><div  class=\"col-xs-12 col-sm-6 col-md-3\"><div  class=\"card bottom-border-color1 no-padding no-shadow\"> <img  wpfc-lazyload-disable=\"true\" decoding=\"async\" class=\"face lazy\" src=\"https:\/\/radiosummernight.ch\/upload\/2023\/01\/Design-ohne-Titel-9.png\" data-src=\"https:\/\/radiosummernight.ch\/upload\/2023\/01\/Design-ohne-Titel-9.png\" title=\"Christian Duss\" alt=\"Bild von Christian Duss\"><div  data-type=\"column\" class=\"col-padding-small col-padding-small-xs description-container\"><h4  class=\"font-500\">Christian Duss<\/h4><p  class=\"small\" style=\"font-style: italic;\">Business administrator<\/p><div  class=\"social-icons-group\" data-type=\"group\"> <a  href=\"#\" target=\"_self\" data-reiki-hidden=\"true\" rel=\"noopener\"><i  class=\"fa icon fa-facebook-square gray\"><\/i><\/a> <a  href=\"#\" target=\"_self\" data-reiki-hidden=\"true\" rel=\"noopener\"><i  class=\"fa icon fa-twitter-square gray\"><\/i><\/a> <a  href=\"#\" target=\"_self\" data-reiki-hidden=\"true\" rel=\"noopener\"><i  class=\"fa icon fa-linkedin-square gray\"><\/i><\/a> <a  href=\"#\" target=\"_self\" data-reiki-hidden=\"true\" rel=\"noopener\"><i  class=\"fa icon fa-google-plus-square gray\"><\/i><\/a><\/div><\/div><\/div><\/div><div  class=\"col-xs-12 col-sm-6 col-md-3\"><div  class=\"card bottom-border-color1 no-padding no-shadow\"> <img  wpfc-lazyload-disable=\"true\" decoding=\"async\" class=\"face lazy\" src=\"https:\/\/radiosummernight.ch\/upload\/cropped-IMG_9453-1-scaled-1.jpeg\" data-src=\"https:\/\/radiosummernight.ch\/upload\/Kein-Titel-10.416-\u00d7-10.416-Zoll.png\" title=\"IMG_9453\" alt=\"Projektwochen f\u00fcr Schulen\" data-=\"\"><div  data-type=\"column\" class=\"col-padding-small col-padding-small-xs description-container\"><h4  class=\"font-500\">Aline Binder<\/h4><p  class=\"small\" style=\"font-style: italic;\">Course coordinator<\/p><div  class=\"social-icons-group\" data-type=\"group\"> <a  href=\"#\" target=\"_self\" data-reiki-hidden=\"true\" rel=\"noopener\"><i  class=\"fa icon fa-facebook-square gray\"><\/i><\/a> <a  href=\"#\" target=\"_self\" data-reiki-hidden=\"true\" rel=\"noopener\"><i  class=\"fa icon fa-twitter-square gray\"><\/i><\/a> <a  href=\"#\" target=\"_self\" data-reiki-hidden=\"true\" rel=\"noopener\"><i  class=\"fa icon fa-linkedin-square gray\"><\/i><\/a> <a  href=\"#\" target=\"_self\" data-reiki-hidden=\"true\" rel=\"noopener\"><i  class=\"fa icon fa-google-plus-square gray\"><\/i><\/a><\/div><\/div><\/div><\/div><div  class=\"col-xs-12 col-sm-6 col-md-3\"><div  class=\"card bottom-border-color1 no-padding no-shadow\"> <img wpfc-lazyload-disable=\"true\" decoding=\"async\" class=\"face lazy\" src=\"https:\/\/radiosummernight.ch\/upload\/2026\/09\/cropped-processed-DDC7C5C2-E6FC-4D9F-8197-462F7F895114.jpeg\" data-src=\"https:\/\/radiosummernight.ch\/upload\/Kein-Titel-10.416-\u00d7-10.416-Zoll.png\" title=\"cropped-processed-DDC7C5C2-E6FC-4D9F-8197-462F7F895114.jpeg\" alt=\"\" data-=\"\"><div  data-type=\"column\" class=\"col-padding-small col-padding-small-xs description-container\"><h4  class=\"font-500\">Yann Sammet<\/h4><p  class=\"small\" style=\"font-style: italic;\">Intern<\/p><div  class=\"social-icons-group\" data-type=\"group\"> <a  href=\"#\" target=\"_self\" data-reiki-hidden=\"true\" rel=\"noopener\"><i  class=\"fa icon fa-facebook-square gray\"><\/i><\/a> <a  href=\"#\" target=\"_self\" data-reiki-hidden=\"true\" rel=\"noopener\"><i  class=\"fa icon fa-twitter-square gray\"><\/i><\/a> <a  href=\"#\" target=\"_self\" data-reiki-hidden=\"true\" rel=\"noopener\"><i  class=\"fa icon fa-linkedin-square gray\"><\/i><\/a> <a  href=\"#\" target=\"_self\" data-reiki-hidden=\"true\" rel=\"noopener\"><i  class=\"fa icon fa-google-plus-square gray\"><\/i><\/a><\/div><\/div><\/div><\/div><\/div><\/div><\/div><div  data-label=\"Kontakt\" data-id=\"contact--1\" data-export-id=\"contact-1\" data-category=\"contact\" class=\"contact-1 content-section content-section-spacing white-text wp-dark-mode-ignore lazy\" data-parallax-depth=\"20\" id=\"kontakt\" style=\"background-color: rgb(255, 255, 255); background-size: cover; background-position: center top;\" data-bg=\"url(&quot;https:\/\/radiosummernight.ch\/upload\/2023\/01\/29505C27-ADE9-4B4A-A0A7-0D5782FB966F.jpeg&quot;)\"><div  class=\"gridContainer wp-dark-mode-ignore\"><div  class=\"row text-center wp-dark-mode-ignore\"><div  class=\"section-title-col wp-dark-mode-ignore\" data-type=\"column\"><h2  class=\"wp-dark-mode-ignore\">Contact us<\/h2><p  class=\"lead wp-dark-mode-ignore\">Receive the detailed concept and information about the teaching materials.<\/p><\/div><\/div><div  class=\"row text-center wp-dark-mode-ignore\"><div  class=\"col-xs-12 col-sm-8 col-sm-offset-2 contact-form-wrapper inline-info wp-dark-mode-ignore\"><div  class=\"card large-padding wp-dark-mode-ignore\"><div  class=\"wp-dark-mode-ignore\" data-content-shortcode=\"mesmerize_contact_form shortcode=&quot;contact-form-7 id=&amp;amp;quot;11995&amp;amp;quot; title=&amp;amp;quot;Anfrage Radiokurse Schule&amp;amp;quot;&quot;\" data-editable=\"true\">\n<div class=\"wpcf7 no-js\" id=\"wpcf7-f11995-o1\" lang=\"de-DE\" dir=\"ltr\" data-wpcf7-id=\"11995\">\n<div class=\"screen-reader-response\"><p role=\"status\" aria-live=\"polite\" aria-atomic=\"true\"><\/p> <ul><\/ul><\/div>\n<form action=\"\/en\/wp-json\/wp\/v2\/pages\/11968#wpcf7-f11995-o1\" method=\"post\" class=\"wpcf7-form init\" aria-label=\"Kontaktformular\" novalidate=\"novalidate\" data-status=\"init\" data-trp-original-action=\"\/en\/wp-json\/wp\/v2\/pages\/11968#wpcf7-f11995-o1\">\n<fieldset class=\"hidden-fields-container\"><input type=\"hidden\" name=\"_wpcf7\" value=\"11995\" \/><input type=\"hidden\" name=\"_wpcf7_version\" value=\"6.1.7\" \/><input type=\"hidden\" name=\"_wpcf7_locale\" value=\"de_DE\" \/><input type=\"hidden\" name=\"_wpcf7_unit_tag\" value=\"wpcf7-f11995-o1\" \/><input type=\"hidden\" name=\"_wpcf7_container_post\" value=\"0\" \/><input type=\"hidden\" name=\"_wpcf7_posted_data_hash\" value=\"\" \/>\n<\/fieldset>\n<p><label> First and last name<br \/>\n<span class=\"wpcf7-form-control-wrap\" data-name=\"your-name\"><input size=\"40\" maxlength=\"400\" class=\"wpcf7-form-control wpcf7-text wpcf7-validates-as-required\" aria-required=\"true\" aria-invalid=\"false\" value=\"\" type=\"text\" name=\"your-name\" \/><\/span> <\/label><br \/>\n<label> Email<br \/>\n<span class=\"wpcf7-form-control-wrap\" data-name=\"your-email\"><input size=\"40\" maxlength=\"400\" class=\"wpcf7-form-control wpcf7-email wpcf7-validates-as-required wpcf7-text wpcf7-validates-as-email\" aria-required=\"true\" aria-invalid=\"false\" value=\"\" type=\"email\" name=\"your-email\" \/><\/span> <\/label><br \/>\n<label> Phone number<br \/>\n<span class=\"wpcf7-form-control-wrap\" data-name=\"tel-274\"><input size=\"40\" maxlength=\"400\" class=\"wpcf7-form-control wpcf7-tel wpcf7-validates-as-required wpcf7-text wpcf7-validates-as-tel\" aria-required=\"true\" aria-invalid=\"false\" value=\"\" type=\"tel\" name=\"tel-274\" \/><\/span><\/label>\n<\/p>\n<p><label> Klasse<br \/>\n<span class=\"wpcf7-form-control-wrap\" data-name=\"your-Klasse\"><input size=\"40\" maxlength=\"400\" class=\"wpcf7-form-control wpcf7-text wpcf7-validates-as-required\" aria-required=\"true\" aria-invalid=\"false\" value=\"\" type=\"text\" name=\"your-Klasse\" \/><\/span> <\/label><br \/>\n<label> Jahrgang (von bis)<br \/>\n<span class=\"wpcf7-form-control-wrap\" data-name=\"your-jahrgang\"><input size=\"40\" maxlength=\"400\" class=\"wpcf7-form-control wpcf7-text wpcf7-validates-as-required\" aria-required=\"true\" aria-invalid=\"false\" value=\"\" type=\"text\" name=\"your-jahrgang\" \/><\/span><\/label><br \/>\n<label> Adresse der Schule (Strasse, Plz und Ort)<br \/>\n<span class=\"wpcf7-form-control-wrap\" data-name=\"your-plz\"><input size=\"40\" maxlength=\"400\" class=\"wpcf7-form-control wpcf7-text wpcf7-validates-as-required\" aria-required=\"true\" aria-invalid=\"false\" value=\"\" type=\"text\" name=\"your-plz\" \/><\/span><\/label>\n<\/p>\n<p><label> Projekttage im Zeitraum vom<br \/>\n<span class=\"wpcf7-form-control-wrap\" data-name=\"your-zeitraum\"><input size=\"40\" maxlength=\"400\" class=\"wpcf7-form-control wpcf7-text wpcf7-validates-as-required\" aria-required=\"true\" aria-invalid=\"false\" value=\"\" type=\"text\" name=\"your-zeitraum\" \/><\/span> <\/label><br \/>\n<label> Anzahl Teilnehmer\/innen<br \/>\n<span class=\"wpcf7-form-control-wrap\" data-name=\"your-anzahl\"><input size=\"40\" maxlength=\"400\" class=\"wpcf7-form-control wpcf7-text wpcf7-validates-as-required\" aria-required=\"true\" aria-invalid=\"false\" value=\"\" type=\"text\" name=\"your-anzahl\" \/><\/span> <\/label><br \/>\n<label> Requests and suggestions<br \/>\n<span class=\"wpcf7-form-control-wrap\" data-name=\"your-diverses\"><input size=\"40\" maxlength=\"400\" class=\"wpcf7-form-control wpcf7-text wpcf7-validates-as-required\" aria-required=\"true\" aria-invalid=\"false\" value=\"\" type=\"text\" name=\"your-diverses\" \/><\/span> <\/label>\n<\/p>\n<p><input class=\"wpcf7-form-control wpcf7-submit has-spinner button\" id=\"form-submit\" type=\"submit\" value=\"Submit enquiry\" \/>\n<\/p><div class=\"wpcf7-response-output\" aria-hidden=\"true\"><\/div>\n<input type=\"hidden\" name=\"trp-form-language\" value=\"en\"\/><\/form>\n<\/div>\n<\/div><\/div><\/div><\/div><\/div><\/div><div  data-label=\"Contact\" data-id=\"contact--2\" data-export-id=\"contact-5\" data-category=\"contact\" class=\"contact-5 content-section content-section-spacing\" id=\"contact-2\" style=\"background-color: rgb(255, 255, 255);\"><div  class=\"gridContainer\"><div  class=\"row text-center\"><div  class=\"section-title-col\" data-type=\"column\"><h3  class=\"\"><span  style=\"color: rgb(18, 99, 0);\">I am happy to help with questions and suggestions.<\/span><\/h3><\/div><\/div><div  class=\"row middle-sm\"><div  class=\"col-xs-12 col-sm-6 image-holder space-bottom-xs\"> <img  class=\"lazy\" wpfc-lazyload-disable=\"true\" decoding=\"async\" src=\"https:\/\/radiosummernight.ch\/upload\/Kopie-von-Artikel-Bild-Aarau24-27.png\" data-src=\"https:\/\/radiosummernight.ch\/upload\/Kopie-von-Artikel-Bild-Aarau24-27.png\" title=\"Gian-Luca BIechler\" alt=\"Projektwochen f\u00fcr Schulen\" data-=\"\"><\/div><div  class=\"col-xs-12 col-sm-6\"><div  class=\"row middle-sm\"><div  data-type=\"column\" class=\"col-xs-12 space-bottom-small\"><\/div><\/div><div  class=\"row middle-sm\" data-type=\"row\"><div  class=\"col-xs-12 space-bottom-small\"><div  class=\"row\"><div  data-type=\"column\" class=\"col-xs-12 col-sm-fit label-col\"><h5  class=\"\">Telefon:<\/h5><\/div><div  data-type=\"column\" class=\"col-xs-12 col-sm\"><p  class=\"\">&nbsp;062 511 03 05<\/p><\/div><\/div><\/div><div  class=\"col-xs-12 space-bottom-small\"><div  class=\"row\"><div  data-type=\"column\" class=\"col-xs-12 col-sm-fit label-col\"><h5  class=\"\">Email:<\/h5><\/div><div  data-type=\"column\" class=\"col-xs-12 col-sm\"><a  href=\"mailto:gianluca@radiosummernight.ch\" class=\"\" target=\"_self\" data-cp-link=\"1\" rel=\"noopener\">gianluca@radiosummernight.ch<\/a><\/div><\/div><\/div><\/div><\/div><\/div><\/div><\/div><div  data-label=\"Portfolio\" data-id=\"portfolio--1\" data-export-id=\"portfolio-1\" data-category=\"portfolio\" class=\"portfolio-1 content-section content-section-spacing\" id=\"portfolio-1\" style=\"background-color: rgb(245, 250, 253);\"><div  class=\"gridContainer\"><div  data-type=\"row\" class=\"row spaced-cols center-sm\" data-fixed=\"true\"><div  class=\"col-xs-12 col-sm-4 col-md-4\"><div  class=\"contentswap-effect visible\" data-hover-fx=\"portfolio-1\"><div  class=\"initial-image\"> <img class=\"lazy\" wpfc-lazyload-disable=\"true\" decoding=\"async\" data-size=\"500x333\" src=\"https:\/\/radiosummernight.ch\/upload\/Download-2.png\" data-src=\"https:\/\/radiosummernight.ch\/upload\/2023\/01\/Design-ohne-Titel-8.png\" alt=\"Projektwochen f\u00fcr Schulen\" title=\"\"><\/div><div  class=\"overlay wp-dark-mode-ignore\"><\/div><div  class=\"swap-inner col-xs-12\"><div  class=\"row full-height-row bottom-xs\"><div  class=\"col-xs-12 color1 text-center content-holder\"><h4  class=\"inverted font-500\"><\/h4> <a  href=\"#\" class=\"inverted italic p small\" target=\"_self\" data-cp-link=\"1\" rel=\"noopener\"><\/a><\/div><\/div><\/div><\/div><\/div><div  class=\"col-xs-12 col-sm-4 col-md-4\"><div  class=\"contentswap-effect visible\" data-hover-fx=\"portfolio-1\"><div  class=\"initial-image\"> <img class=\"lazy\" wpfc-lazyload-disable=\"true\" decoding=\"async\" data-size=\"500x333\" src=\"https:\/\/radiosummernight.ch\/upload\/2023\/01\/Design-ohne-Titel-4.png\" data-src=\"https:\/\/radiosummernight.ch\/upload\/2023\/01\/Design-ohne-Titel-4.png\" alt=\"Projektwochen f\u00fcr Schulen\" title=\"\" data-><\/div><div  class=\"overlay wp-dark-mode-ignore\"><\/div><div  class=\"swap-inner col-xs-12\"><div  class=\"row full-height-row bottom-xs\"><div  class=\"col-xs-12 color1 text-center content-holder\"><h4  class=\"inverted font-500\"><\/h4> <a  href=\"#\" class=\"inverted italic p small\" target=\"_self\" data-cp-link=\"1\" rel=\"noopener\"><\/a><\/div><\/div><\/div><\/div><\/div><div  class=\"col-xs-12 col-sm-4 col-md-4\"><div  class=\"contentswap-effect visible\" data-hover-fx=\"portfolio-1\"><div  class=\"initial-image\"> <img class=\"lazy\" wpfc-lazyload-disable=\"true\" decoding=\"async\" data-size=\"500x333\" src=\"https:\/\/radiosummernight.ch\/upload\/SK_Logo_final-D-scaled.jpg\" data-src=\"https:\/\/radiosummernight.ch\/upload\/2023\/01\/Design-ohne-Titel-5.png\" alt=\"Projektwochen f\u00fcr Schulen\" title=\"\"><\/div><div  class=\"overlay wp-dark-mode-ignore\"><\/div><div  class=\"swap-inner col-xs-12\"><div  class=\"row full-height-row bottom-xs\"><div  class=\"col-xs-12 color1 text-center content-holder\"><h4  class=\"inverted font-500\"><\/h4> <a  href=\"#\" class=\"inverted italic p small\" target=\"_self\" data-cp-link=\"1\" rel=\"noopener\"><\/a><\/div><\/div><\/div><\/div><\/div><div  class=\"col-xs-12 col-sm-4 col-md-4\"><div  class=\"contentswap-effect visible\" data-hover-fx=\"portfolio-1\"><div  class=\"initial-image\"> <img class=\"lazy\" wpfc-lazyload-disable=\"true\" decoding=\"async\" data-size=\"500x333\" src=\"https:\/\/radiosummernight.ch\/upload\/2023\/03\/SWP-Logo-2013_schwarz.jpg\" data-src=\"https:\/\/radiosummernight.ch\/upload\/2023\/01\/Design-ohne-Titel-8.png\" alt=\"Projektwochen f\u00fcr Schulen\" title=\"\"><\/div><div  class=\"overlay wp-dark-mode-ignore\"><\/div><div  class=\"swap-inner col-xs-12\"><div  class=\"row full-height-row bottom-xs\"><div  class=\"col-xs-12 color1 text-center content-holder\"><h4  class=\"inverted font-500\"><\/h4> <a  href=\"#\" class=\"inverted italic p small\" target=\"_self\" data-cp-link=\"1\" rel=\"noopener\"><\/a><\/div><\/div><\/div><\/div><\/div><div  class=\"col-xs-12 col-sm-4 col-md-4\"><div  class=\"contentswap-effect visible\" data-hover-fx=\"portfolio-1\"><div  class=\"initial-image\"> <img class=\"lazy\" wpfc-lazyload-disable=\"true\" decoding=\"async\" data-size=\"500x333\" src=\"https:\/\/radiosummernight.ch\/upload\/2021\/07\/srks_logo_d-scaled.jpg\" data-src=\"https:\/\/radiosummernight.ch\/upload\/2023\/01\/Design-ohne-Titel-8.png\" alt=\"Projektwochen f\u00fcr Schulen\" title=\"\"><\/div><div  class=\"overlay wp-dark-mode-ignore\"><\/div><div  class=\"swap-inner col-xs-12\"><div  class=\"row full-height-row bottom-xs\"><div  class=\"col-xs-12 color1 text-center content-holder\"><h4  class=\"inverted font-500\"><\/h4> <a  href=\"#\" class=\"inverted italic p small\" target=\"_self\" data-cp-link=\"1\" rel=\"noopener\"><\/a><\/div><\/div><\/div><\/div><\/div><div  class=\"col-xs-12 col-sm-4 col-md-4\"><div  class=\"contentswap-effect visible\" data-hover-fx=\"portfolio-1\"><div  class=\"initial-image\"> <img class=\"lazy\" wpfc-lazyload-disable=\"true\" decoding=\"async\" data-size=\"500x333\" src=\"https:\/\/radiosummernight.ch\/upload\/2020\/04\/SWISSLOS_Kanton_Aargau_sw-removebg-preview-2.png\" data-src=\"https:\/\/radiosummernight.ch\/upload\/Download-2.png\" alt=\"Projektwochen f\u00fcr Schulen\" title=\"\"><\/div><div  class=\"overlay wp-dark-mode-ignore\"><\/div><div  class=\"swap-inner col-xs-12\"><div  class=\"row full-height-row bottom-xs\"><div  class=\"col-xs-12 color1 text-center content-holder\"><h4  class=\"inverted font-500\"><\/h4> <a  href=\"#\" class=\"inverted italic p small\" target=\"_self\" data-cp-link=\"1\" rel=\"noopener\"><\/a><\/div><\/div><\/div><\/div><\/div><\/div><\/div><\/div>","protected":false},"excerpt":{"rendered":"<p>Livebeitr\u00e4geProduzieren von Liveinhalten und das Ver\u00f6ffentlichen der Radiobeitr\u00e4ge ist ein Ansporn f\u00fcr Sch\u00fclerinnen und Sch\u00fcler und animiert dazu, sich mit neuen Themen auseinander zu setzen und diese wiederzugeben.PartizipationUnsere Projekttage oder Wochen sind so aufgebaut, dass Kinder und Jugendlichen \u00fcber Inhalte selber bestimmen k\u00f6nnen, auch ob Radiobeitrag, Reportage oder Podcast vieles ist m\u00f6glich.Lernhefte und MaterialienDie Kursb\u00fccher&hellip; <br \/> <a class=\"read-more\" href=\"https:\/\/radiosummernight.ch\/en\/schulen\/\">Read more<\/a><\/p>","protected":false},"author":1,"featured_media":0,"parent":0,"menu_order":0,"comment_status":"closed","ping_status":"closed","template":"pro\/page-templates\/full-width-page.php","meta":{"episode_type":"","audio_file":"","podmotor_file_id":"","podmotor_episode_id":"","cover_image":"","cover_image_id":"","duration":"","filesize":"","filesize_raw":"","date_recorded":"","explicit":"","block":"","itunes_episode_number":"","itunes_title":"","itunes_season_number":"","itunes_episode_type":"","footnotes":""},"class_list":["post-11968","page","type-page","status-publish","hentry"],"_links":{"self":[{"href":"https:\/\/radiosummernight.ch\/en\/wp-json\/wp\/v2\/pages\/11968","targetHints":{"allow":["GET"]}}],"collection":[{"href":"https:\/\/radiosummernight.ch\/en\/wp-json\/wp\/v2\/pages"}],"about":[{"href":"https:\/\/radiosummernight.ch\/en\/wp-json\/wp\/v2\/types\/page"}],"author":[{"embeddable":true,"href":"https:\/\/radiosummernight.ch\/en\/wp-json\/wp\/v2\/users\/1"}],"replies":[{"embeddable":true,"href":"https:\/\/radiosummernight.ch\/en\/wp-json\/wp\/v2\/comments?post=11968"}],"version-history":[{"count":1,"href":"https:\/\/radiosummernight.ch\/en\/wp-json\/wp\/v2\/pages\/11968\/revisions"}],"predecessor-version":[{"id":31051,"href":"https:\/\/radiosummernight.ch\/en\/wp-json\/wp\/v2\/pages\/11968\/revisions\/31051"}],"wp:attachment":[{"href":"https:\/\/radiosummernight.ch\/en\/wp-json\/wp\/v2\/media?parent=11968"}],"curies":[{"name":"wp","href":"https:\/\/api.w.org\/{rel}","templated":true}]}}