{"id":20054,"date":"2024-07-31T10:53:52","date_gmt":"2024-07-31T08:53:52","guid":{"rendered":"https:\/\/radiosummernight.ch\/veranstaltungen\/discomania-im-kiff\/"},"modified":"2024-07-31T10:53:52","modified_gmt":"2024-07-31T08:53:52","slug":"discomania-im-kiff","status":"publish","type":"mec-events","link":"https:\/\/radiosummernight.ch\/fr\/veranstaltungen\/discomania-im-kiff\/","title":{"rendered":"DISCO!MANIA im KIFF"},"content":{"rendered":"<p>F\u00fcr viele eine Selbstverst\u00e4ndlichkeit &#8211; f\u00fcr Personen mit kognitiver- oder Gehbehinderung hingegen oft eine grosse Herausforderung! An den regelm\u00e4ssig stattfindenden Discopartys \u201eDISCO!MANIA\u201c im Club vom Fl\u00f6sserplatz laden wir Menschen mit &#8211; aber auch Menschen ohne Beeintr\u00e4chtigung \u2013 ein, eine ganz normale Party mit regul\u00e4rem Barbetrieb und trendigem Sound zu besuchen, die die Teilhabe aller Menschen erm\u00f6glicht. Aufgrund von Umbauarbeiten infolge von Brandschutzmassnahmen im Fl\u00f6sserplatz fliegt die Disco!Mania f\u00fcr einmal aus ins KIFF. Ausser der Location bleibt alles gleich. Eine Bar und DJ-Crew aus Personen mit und ohne Beeintr\u00e4chtigung sorgt f\u00fcr den professionellen Betrieb.<\/p>","protected":false},"excerpt":{"rendered":"<p>F\u00fcr viele eine Selbstverst\u00e4ndlichkeit &#8211; f\u00fcr Personen mit kognitiver- oder Gehbehinderung hingegen oft eine grosse Herausforderung! An den regelm\u00e4ssig stattfindenden Discopartys \u201eDISCO!MANIA\u201c im Club vom Fl\u00f6sserplatz laden wir Menschen mit &#8211; aber auch Menschen ohne Beeintr\u00e4chtigung \u2013 ein, eine ganz normale Party mit regul\u00e4rem Barbetrieb und trendigem Sound zu besuchen, die die Teilhabe aller Menschen&hellip; <br \/> <a class=\"read-more\" href=\"https:\/\/radiosummernight.ch\/fr\/veranstaltungen\/discomania-im-kiff\/\">Read more<\/a><\/p>","protected":false},"author":0,"featured_media":20055,"comment_status":"closed","ping_status":"closed","template":"","tags":[144,1647,480,1596,482],"mec_category":[56],"class_list":["post-20054","mec-events","type-mec-events","status-publish","has-post-thumbnail","hentry","tag-aarau","tag-kiff","tag-party","tag-partyaarau","tag-partytunes","mec_category-floesserplatz"],"_links":{"self":[{"href":"https:\/\/radiosummernight.ch\/fr\/wp-json\/wp\/v2\/mec-events\/20054","targetHints":{"allow":["GET"]}}],"collection":[{"href":"https:\/\/radiosummernight.ch\/fr\/wp-json\/wp\/v2\/mec-events"}],"about":[{"href":"https:\/\/radiosummernight.ch\/fr\/wp-json\/wp\/v2\/types\/mec-events"}],"replies":[{"embeddable":true,"href":"https:\/\/radiosummernight.ch\/fr\/wp-json\/wp\/v2\/comments?post=20054"}],"wp:featuredmedia":[{"embeddable":true,"href":"https:\/\/radiosummernight.ch\/fr\/wp-json\/wp\/v2\/media\/20055"}],"wp:attachment":[{"href":"https:\/\/radiosummernight.ch\/fr\/wp-json\/wp\/v2\/media?parent=20054"}],"wp:term":[{"taxonomy":"post_tag","embeddable":true,"href":"https:\/\/radiosummernight.ch\/fr\/wp-json\/wp\/v2\/tags?post=20054"},{"taxonomy":"mec_category","embeddable":true,"href":"https:\/\/radiosummernight.ch\/fr\/wp-json\/wp\/v2\/mec_category?post=20054"}],"curies":[{"name":"wp","href":"https:\/\/api.w.org\/{rel}","templated":true}]}}