{"id":25455,"date":"2025-08-20T08:57:30","date_gmt":"2025-08-20T06:57:30","guid":{"rendered":"https:\/\/radiosummernight.ch\/veranstaltungen\/elis-mano-band-rhythm-and-blues-night\/"},"modified":"2025-08-20T09:00:11","modified_gmt":"2025-08-20T07:00:11","slug":"elis-mano-band-rhythm-and-blues-night","status":"publish","type":"mec-events","link":"https:\/\/radiosummernight.ch\/fr\/veranstaltungen\/elis-mano-band-rhythm-and-blues-night\/","title":{"rendered":"Kulturnacht RJ Eindrucksvolle Farb-Licht-Nebel Installation der ZHdK"},"content":{"rendered":"<p>Die diesj\u00e4hrige Kulturnacht wird um 17 Uhr gemeinsam mit dem Saxophon Quartett SaxAppeal der Musikschule RJ beim ZAK Jona offiziell er\u00f6ffnet.<\/p>\n<p>Das ZAK ist daf\u00fcr bekannt, dass es seit \u00fcber 20 Jahren Kultur auf die B\u00fchne bringt: mit Konzerten, Theater, Comedy und mehr. F\u00fcr die Kulturnacht gibt\u2019s nun was Neues, und zwar eine eindrucksvolle Farb-Licht-Nebel Installation der Z\u00fcrcher Hochschule der K\u00fcnste (ZHdK).<\/p>\n<p>Im Zentrum steht ein lichtdurchfluteter Nebelraum, der Farben lebendig macht. Tauchen Sie ein in ein intensives Farberlebnis, das den Raum verschwinden l\u00e4sst und Ihre Wahrnehmung herausfordert. Farben verschieben sich, Grenzen l\u00f6sen sich auf \u2013 es wartet ein Spiel zwischen Auge, Geist und Gef\u00fchl auf Sie.<\/p>\n<p>Begeben Sie sich im Anschluss auf eine kostenlose kulturelle Entdeckungstour durch unsere Stadt: Vom Gr\u00fcnfels- \u00fcber das Zeughausareal bis hin zur Altstadt bietet der Abend ein abwechslungsreiches Programm f\u00fcr alle Generationen.<\/p>\n<p><a href=\"https:\/\/szenen-kultur.ch\/agenda\/kulturnacht-rapperswil-jona-2024-476\" target=\"_blank\" rel=\"noopener\">Weitere Infos<\/a><\/p>\n<div id=\"dslc-module-b2c069fad71\" class=\"dslc-module-front dslc-module-ACF_Text dslc-in-viewport-check dslc-in-viewport-anim-none dslc-col dslc-12-col dslc-last-col dslc-module-handle-like-regular dslc-in-viewport\" data-module-id=\"b2c069fad71\" data-module=\"ACF_Text\" data-dslc-module-size=\"12\" data-dslc-anim=\"none\" data-dslc-anim-delay=\"\" data-dslc-anim-duration=\"650\" data-dslc-anim-easing=\"ease\" data-dslc-preset=\"none\">\n<div class=\"lc-acf-module-text\"><span class=\"prepend\">T\u00fcr<\/span>\u00a017:00\u00a0<span class=\"append\">Uhr<\/span><\/div>\n<\/div>\n<div id=\"dslc-module-3230e59d8c5\" class=\"dslc-module-front dslc-module-ACF_Text dslc-in-viewport-check dslc-in-viewport-anim-none dslc-col dslc-12-col dslc-last-col dslc-module-handle-like-regular dslc-in-viewport\" data-module-id=\"3230e59d8c5\" data-module=\"ACF_Text\" data-dslc-module-size=\"12\" data-dslc-anim=\"none\" data-dslc-anim-delay=\"\" data-dslc-anim-duration=\"650\" data-dslc-anim-easing=\"ease\" data-dslc-preset=\"none\">\n<div class=\"lc-acf-module-text\"><span class=\"prepend\">Start<\/span>\u00a017:00\u00a0<span class=\"append\">Uhr<\/span><\/div>\n<\/div>\n<div id=\"dslc-module-348d9a0b1ff\" class=\"dslc-module-front dslc-module-ACF_Text dslc-in-viewport-check dslc-in-viewport-anim-none dslc-col dslc-12-col dslc-last-col dslc-module-handle-like-regular dslc-in-viewport\" data-module-id=\"348d9a0b1ff\" data-module=\"ACF_Text\" data-dslc-module-size=\"12\" data-dslc-anim=\"none\" data-dslc-anim-delay=\"\" data-dslc-anim-duration=\"650\" data-dslc-anim-easing=\"ease\" data-dslc-preset=\"none\">\n<div class=\"lc-acf-module-text\">Eintritt frei<\/div>\n<\/div>","protected":false},"excerpt":{"rendered":"<p>Die diesj\u00e4hrige Kulturnacht wird um 17 Uhr gemeinsam mit dem Saxophon Quartett SaxAppeal der Musikschule RJ beim ZAK Jona offiziell er\u00f6ffnet. Das ZAK ist daf\u00fcr bekannt, dass es seit \u00fcber 20 Jahren Kultur auf die B\u00fchne bringt: mit Konzerten, Theater, Comedy und mehr. F\u00fcr die Kulturnacht gibt\u2019s nun was Neues, und zwar eine eindrucksvolle Farb-Licht-Nebel&hellip; <br \/> <a class=\"read-more\" href=\"https:\/\/radiosummernight.ch\/fr\/veranstaltungen\/elis-mano-band-rhythm-and-blues-night\/\">Read more<\/a><\/p>","protected":false},"author":1,"featured_media":25456,"comment_status":"closed","ping_status":"closed","template":"","tags":[],"mec_category":[1675],"class_list":["post-25455","mec-events","type-mec-events","status-publish","has-post-thumbnail","hentry","mec_category-zak"],"_links":{"self":[{"href":"https:\/\/radiosummernight.ch\/fr\/wp-json\/wp\/v2\/mec-events\/25455","targetHints":{"allow":["GET"]}}],"collection":[{"href":"https:\/\/radiosummernight.ch\/fr\/wp-json\/wp\/v2\/mec-events"}],"about":[{"href":"https:\/\/radiosummernight.ch\/fr\/wp-json\/wp\/v2\/types\/mec-events"}],"author":[{"embeddable":true,"href":"https:\/\/radiosummernight.ch\/fr\/wp-json\/wp\/v2\/users\/1"}],"replies":[{"embeddable":true,"href":"https:\/\/radiosummernight.ch\/fr\/wp-json\/wp\/v2\/comments?post=25455"}],"wp:featuredmedia":[{"embeddable":true,"href":"https:\/\/radiosummernight.ch\/fr\/wp-json\/wp\/v2\/media\/25456"}],"wp:attachment":[{"href":"https:\/\/radiosummernight.ch\/fr\/wp-json\/wp\/v2\/media?parent=25455"}],"wp:term":[{"taxonomy":"post_tag","embeddable":true,"href":"https:\/\/radiosummernight.ch\/fr\/wp-json\/wp\/v2\/tags?post=25455"},{"taxonomy":"mec_category","embeddable":true,"href":"https:\/\/radiosummernight.ch\/fr\/wp-json\/wp\/v2\/mec_category?post=25455"}],"curies":[{"name":"wp","href":"https:\/\/api.w.org\/{rel}","templated":true}]}}