{"id":26202,"date":"2025-10-24T11:46:26","date_gmt":"2025-10-24T09:46:26","guid":{"rendered":"https:\/\/radiosummernight.ch\/?post_type=mec-events&#038;p=26202"},"modified":"2025-10-24T11:46:26","modified_gmt":"2025-10-24T09:46:26","slug":"wolfgang-kalb-rhythm-and-blues-night","status":"publish","type":"mec-events","link":"https:\/\/radiosummernight.ch\/fr\/veranstaltungen\/wolfgang-kalb-rhythm-and-blues-night\/","title":{"rendered":"Wolfgang Kalb: Rhythm and Blues Night"},"content":{"rendered":"<p>Wer traditionellen Blues in seiner Urform erleben m\u00f6chte, sollte dieses Konzert nicht vers\u00e4umen. Wolfgang Kalb hat sich dem akustischen Country Blues der Zwanziger- bis Vierzigerjahre verschrieben. Fingerpicking und Slide auf verschiedenen Gitarren sind seine Spezialit\u00e4ten. Bei seinen Konzerten erz\u00e4hlt er zu den Songs viele Geschichten aus der Fr\u00fchzeit des l\u00e4ndlichen Blues. Im Vorprogramm spielt er zusammen mit Musiksch\u00fclern der Talent F\u00f6rderung Oberstufe TFO.<\/p>","protected":false},"excerpt":{"rendered":"<p>Wer traditionellen Blues in seiner Urform erleben m\u00f6chte, sollte dieses Konzert nicht vers\u00e4umen. Wolfgang Kalb hat sich dem akustischen Country Blues der Zwanziger- bis Vierzigerjahre verschrieben. Fingerpicking und Slide auf verschiedenen Gitarren sind seine Spezialit\u00e4ten. Bei seinen Konzerten erz\u00e4hlt er zu den Songs viele Geschichten aus der Fr\u00fchzeit des l\u00e4ndlichen Blues. Im Vorprogramm spielt er&hellip; <br \/> <a class=\"read-more\" href=\"https:\/\/radiosummernight.ch\/fr\/veranstaltungen\/wolfgang-kalb-rhythm-and-blues-night\/\">Read more<\/a><\/p>","protected":false},"author":122,"featured_media":26203,"comment_status":"closed","ping_status":"closed","template":"","tags":[],"mec_category":[1675],"class_list":["post-26202","mec-events","type-mec-events","status-publish","has-post-thumbnail","hentry","mec_category-zak"],"_links":{"self":[{"href":"https:\/\/radiosummernight.ch\/fr\/wp-json\/wp\/v2\/mec-events\/26202","targetHints":{"allow":["GET"]}}],"collection":[{"href":"https:\/\/radiosummernight.ch\/fr\/wp-json\/wp\/v2\/mec-events"}],"about":[{"href":"https:\/\/radiosummernight.ch\/fr\/wp-json\/wp\/v2\/types\/mec-events"}],"author":[{"embeddable":true,"href":"https:\/\/radiosummernight.ch\/fr\/wp-json\/wp\/v2\/users\/122"}],"replies":[{"embeddable":true,"href":"https:\/\/radiosummernight.ch\/fr\/wp-json\/wp\/v2\/comments?post=26202"}],"wp:featuredmedia":[{"embeddable":true,"href":"https:\/\/radiosummernight.ch\/fr\/wp-json\/wp\/v2\/media\/26203"}],"wp:attachment":[{"href":"https:\/\/radiosummernight.ch\/fr\/wp-json\/wp\/v2\/media?parent=26202"}],"wp:term":[{"taxonomy":"post_tag","embeddable":true,"href":"https:\/\/radiosummernight.ch\/fr\/wp-json\/wp\/v2\/tags?post=26202"},{"taxonomy":"mec_category","embeddable":true,"href":"https:\/\/radiosummernight.ch\/fr\/wp-json\/wp\/v2\/mec_category?post=26202"}],"curies":[{"name":"wp","href":"https:\/\/api.w.org\/{rel}","templated":true}]}}