{"id":6806,"date":"2021-05-04T13:21:13","date_gmt":"2021-05-04T11:21:13","guid":{"rendered":"https:\/\/radiosummernight.ch\/?post_type=mec-events&#038;p=6806"},"modified":"2021-05-04T13:29:22","modified_gmt":"2021-05-04T11:29:22","slug":"tontechnik-fruehlingsweile-workshop-2","status":"publish","type":"mec-events","link":"https:\/\/radiosummernight.ch\/fr\/veranstaltungen\/tontechnik-fruehlingsweile-workshop-2\/","title":{"rendered":"TONTECHNIK Fr\u00fchlingsweile Workshop"},"content":{"rendered":"<p>Erhalte einen Einblick in folgende Bereiche des Tontechniker Jobs:<\/p>\n<ul>\n<li>Technische Ger\u00e4te<\/li>\n<li>Funktionen der technischen Ger\u00e4te<\/li>\n<li>Wartung der technischen Ger\u00e4te<\/li>\n<li>Arbeitsorganisation (Ordnung)<\/li>\n<li>Gesetz und Sicherheit<\/li>\n<li>Installation der Ger\u00e4te<\/li>\n<li>Anwendung der Technischen Ger\u00e4te<\/li>\n<\/ul>\n<p><strong>Wann<\/strong>: Fr, 07.05. 19 \u2013 21 Uhr Theorie \/ Sa, 08.05. 12 \u2013 20 Uhr Praktischer Teil<br \/>\n<strong>Alter<\/strong>: 12 \u2013 25 Jahre<br \/>\n<strong>Ort<\/strong>: Jugendkulturhaus Fl\u00f6sserplatz, Fl\u00f6sserstrasse 7, 5000 Aarau<br \/>\n<strong>Kursleitung<\/strong>: Elias Knoblauch<br \/>\n<strong>Kosten<\/strong>: Das Angebot ist kostenlos<\/p>\n<p>Es gilt Maskenpflicht w\u00e4hrend der ganzen Workshop-Dauer. Versicherung ist Sache der Teilnehmenden.<\/p>\n<p><a href=\"https:\/\/eveeno.com\/287745828\" target=\"_blank\" rel=\"noopener\">Zur Anmeldung \u00bb\u00a0<\/a><\/p>\n<p><img loading=\"lazy\" decoding=\"async\" class=\"alignnone size-medium wp-image-6805\" src=\"https:\/\/radiosummernight.ch\/upload\/2021\/05\/A2-Plakat-214x300.jpg\" alt=\"\" width=\"214\" height=\"300\" title=\"\"><\/p>\n<p>&nbsp;<\/p>\n<p>&nbsp;<\/p>","protected":false},"excerpt":{"rendered":"<p>Erhalte einen Einblick in folgende Bereiche des Tontechniker Jobs: Technische Ger\u00e4te Funktionen der technischen Ger\u00e4te Wartung der technischen Ger\u00e4te Arbeitsorganisation (Ordnung) Gesetz und Sicherheit Installation der Ger\u00e4te Anwendung der Technischen Ger\u00e4te Wann: Fr, 07.05. 19 \u2013 21 Uhr Theorie \/ Sa, 08.05. 12 \u2013 20 Uhr Praktischer Teil Alter: 12 \u2013 25 Jahre Ort: Jugendkulturhaus&hellip; <br \/> <a class=\"read-more\" href=\"https:\/\/radiosummernight.ch\/fr\/veranstaltungen\/tontechnik-fruehlingsweile-workshop-2\/\">Read more<\/a><\/p>","protected":false},"author":51,"featured_media":0,"comment_status":"closed","ping_status":"closed","template":"","tags":[],"mec_category":[],"class_list":["post-6806","mec-events","type-mec-events","status-publish","hentry"],"_links":{"self":[{"href":"https:\/\/radiosummernight.ch\/fr\/wp-json\/wp\/v2\/mec-events\/6806","targetHints":{"allow":["GET"]}}],"collection":[{"href":"https:\/\/radiosummernight.ch\/fr\/wp-json\/wp\/v2\/mec-events"}],"about":[{"href":"https:\/\/radiosummernight.ch\/fr\/wp-json\/wp\/v2\/types\/mec-events"}],"author":[{"embeddable":true,"href":"https:\/\/radiosummernight.ch\/fr\/wp-json\/wp\/v2\/users\/51"}],"replies":[{"embeddable":true,"href":"https:\/\/radiosummernight.ch\/fr\/wp-json\/wp\/v2\/comments?post=6806"}],"wp:attachment":[{"href":"https:\/\/radiosummernight.ch\/fr\/wp-json\/wp\/v2\/media?parent=6806"}],"wp:term":[{"taxonomy":"post_tag","embeddable":true,"href":"https:\/\/radiosummernight.ch\/fr\/wp-json\/wp\/v2\/tags?post=6806"},{"taxonomy":"mec_category","embeddable":true,"href":"https:\/\/radiosummernight.ch\/fr\/wp-json\/wp\/v2\/mec_category?post=6806"}],"curies":[{"name":"wp","href":"https:\/\/api.w.org\/{rel}","templated":true}]}}