{"id":11968,"date":"2023-03-21T13:44:48","date_gmt":"2023-03-21T12:44:48","guid":{"rendered":"https:\/\/radiosummernight.ch\/?page_id=11968"},"modified":"2025-12-23T03:14:52","modified_gmt":"2025-12-23T02:14:52","slug":"schulen","status":"publish","type":"page","link":"https:\/\/radiosummernight.ch\/fr\/schulen\/","title":{"rendered":"Semaines de projet pour les \u00e9coles"},"content":{"rendered":"<div  data-label=\"Overlappable\" data-id=\"overlappable--2\" data-export-id=\"overlappable-5\" data-category=\"overlappable\" class=\"overlappable-5 content-section content-section-spacing\" data-overlap=\"true\" id=\"overlappable-2\" style=\"background-color: rgb(255, 255, 255);\"><div  class=\"gridContainer\"><div  data-type=\"row\" class=\"row shadow-medium bg-color-white\"><div  class=\"col-xs-12 col-sm-4 col-padding col-padding-xs bg-color-white\"><div  class=\"row middle-sm\"><div  class=\"col-xs-12 col-sm-fit icon-column\"> <i  class=\"fa icon fa-volume-up bordered round color1\"><\/i><\/div><div  data-type=\"column\" class=\"col-xs-12 col-sm v-spacing\"><h5  class=\"\">Contributions en direct<\/h5><\/div><\/div><div  class=\"row\"><div  class=\"col-xs-12 col-sm-12\" data-type=\"column\"><p  class=\"\">Produzieren von Liveinhalten und das Ver\u00f6ffentlichen der Radiobeitr\u00e4ge ist ein Ansporn f\u00fcr Sch\u00fclerinnen und Sch\u00fcler und animiert dazu, sich mit neuen Themen auseinander zu setzen und diese wiederzugeben.<\/p><\/div><\/div><\/div><div  class=\"col-xs-12 col-sm-4 col-padding col-padding-xs bg-color-white\"><div  class=\"row middle-sm\"><div  class=\"col-xs-12 col-sm-fit icon-column\"><i  class=\"fa icon fa-handshake-o bordered round color1\"><\/i><\/div><div  data-type=\"column\" class=\"col-xs-12 col-sm v-spacing\"><h5  class=\"\">Participation<\/h5><\/div><\/div><div  class=\"row\"><div  class=\"col-xs-12 col-sm-12\" data-type=\"column\"><p  class=\"\">Nos journ\u00e9es ou semaines de projet sont structur\u00e9es de mani\u00e8re \u00e0 ce que les enfants et les jeunes puissent d\u00e9cider eux-m\u00eames du contenu, qu'il s'agisse d'une \u00e9mission de radio, d'un reportage ou d'un podcast, tout est possible.<\/p><\/div><\/div><\/div><div  class=\"col-xs-12 col-sm-4 col-padding col-padding-xs bg-color-white\"><div  class=\"row middle-sm\"><div  class=\"col-xs-12 col-sm-fit icon-column\"><i  class=\"fa icon fa-book bordered round color1\"><\/i><\/div><div  data-type=\"column\" class=\"col-xs-12 col-sm v-spacing\"><h5  class=\"\">Cahiers d'apprentissage et mat\u00e9riaux<\/h5><\/div><\/div><div  class=\"row\"><div  class=\"col-xs-12 col-sm-12\" data-type=\"column\"><p  class=\"\">Les manuels de cours sont \u00e9crits de mani\u00e8re compr\u00e9hensible pour chaque tranche d'\u00e2ge et comportent de nombreuses instructions, ce qui permet de se r\u00e9f\u00e9rer encore une fois \u00e0 ce qui a \u00e9t\u00e9 appris apr\u00e8s le cours.<\/p><\/div><\/div><\/div><\/div><\/div><\/div><div  data-label=\"Content\" data-id=\"content--1\" data-export-id=\"content-15\" data-category=\"content\" class=\"content-15 content-section content-section-spacing\" id=\"content-1\" style=\"background-color: rgb(245, 250, 253);\"><div  class=\"gridContainer\"><div  class=\"row middle-sm\"><div  class=\"col-sm-6 flexbox around-xs top-xs space-bottom-xs space-top-xs\"><div  class=\"overlay-box flexbox middle-xs center-xs overlay-holder\"><div  class=\"overlay-box-offset offset-border shadow-medium border-color2 hide-xs\"><\/div> <img wpfc-lazyload-disable=\"true\" decoding=\"async\" class=\"flexbox shadow-large img1 lazy loaded\" data-size=\"500x500\" src=\"https:\/\/radiosummernight.ch\/upload\/DSC_5421-scaled.jpeg\" data-src=\"https:\/\/radiosummernight.ch\/upload\/DSC_5421-scaled.jpeg\" title=\"DSC_5421\" alt=\"\" data-was-processed=\"true\" data-><\/div><\/div><div  class=\"col-sm-6\" data-type=\"column\"><h2  class=\"\">Les m\u00e9dias dans l'enseignement<\/h2><p  class=\"\">Medienkompetenz soll den Sch\u00fclerinnen und Sch\u00fcler vermittelt werden. Doch wie k\u00f6nnen die Medien fundiert, attraktiv und zugleich motivierend in das Schulzimmer gebracht werden? Den Schulen steht keine entsprechende Infrastruktur zur Verf\u00fcgung und so bleibt alles bei trockener Theorie. Hier setzt Radio Summernight an und erm\u00f6glicht Radio, Projekttage oder Projektwochen f\u00fcr Schulen. Die Jugendlichen bringen ihre eigenen Ideen und Interessen ein und gestalten das Radioprogramm. Dieser Weg, selbst mit Medien zu arbeiten, hat sich in der Vergangenheit mehrfach bew\u00e4hrt. Die bisher durchgef\u00fchrten Kurse und Workshops best\u00e4tigen, dass das Konzept den gew\u00fcnschten Erfolg erzielt.<\/p><p  class=\"\">Die Sch\u00fclerinnen und&nbsp;Sch\u00fcler k\u00f6nnen sich durch das Auseinandersetzen mit Quellen und kreieren von eigenen Radiobeitr\u00e4gen und Artikel im medialen und virtuellen Lebensraum orientieren und sich darin entsprechend den Gesetzen, Regeln und Wertesystemen verhalten. Auch k\u00f6nnen Sch\u00fcler:innen das entschl\u00fcsseln, reflektieren und nutzen, von Medien und Medienbeitr\u00e4gen an den Projekttagen erlernen.<br > Sch\u00fclerinnen und&nbsp;Sch\u00fcler erlernen in der Projektwoche mit Radio Summernight die Gedanken, Meinungen, Erfahrungen und ihr Wissen in Medienbeitr\u00e4ge umsetzen und unter Einbezug der Gesetze, Regeln und Wertesystemen zu ver\u00f6ffentlichen, dass interaktive Nutzen sowie der Austausch mit anderen Sch\u00fclerinnen und&nbsp;Sch\u00fcler st\u00e4rkt die Medienkompetenz und ist vom Lehrplan 21 gefordert und wird durch die Projekttage vermittelt und erlernt.<\/p><\/div><\/div><\/div><\/div><div  data-label=\"Content\" data-id=\"content--2\" data-export-id=\"content-16\" data-category=\"content\" class=\"content-16 content-section content-section-spacing\" id=\"content-2\" style=\"background-color: rgb(255, 255, 255);\"><div  class=\"gridContainer\"><div  class=\"row middle-sm\"><div  class=\"col-sm-6 space-bottom-xs\" data-type=\"column\"><h2  class=\"\">Promouvoir les comp\u00e9tences<\/h2><p  class=\"\">Durch die Projektwoche werden diverse Kompetenzen der Teilnehmenden gef\u00f6rdert, welche in der Schule sowie im sozialen Bereich wichtig sind. Beispielsweise wird durch das Bearbeiten und Recherchieren von Texten f\u00fcr die Radioinhalte die deutsche Ausdrucksweise, Rechtschreibung sowie das Leseverst\u00e4ndnis gef\u00f6rdert. Weiter werden auch die Allgemeinbildung sowie die Auseinandersetzung mit aktuellen Themen in den Medien gef\u00f6rdert.<\/p><\/div><div  class=\"col-sm-6 flexbox around-xs top-xs space-top-xs space-bottom-xs\"><div  class=\"overlay-box flexbox middle-xs center-xs overlay-holder\"><div  class=\"overlay-box-offset offset-border shadow-medium border-color2 hide-xs\"><\/div> <img wpfc-lazyload-disable=\"true\" decoding=\"async\" class=\"flexbox shadow-large img1 lazy loaded\" data-size=\"500x500\" src=\"https:\/\/radiosummernight.ch\/upload\/2023\/03\/cropped-cropped-Andrin-Hunziker-.png\" data-src=\"https:\/\/radiosummernight.ch\/upload\/2023\/03\/cropped-cropped-Andrin-Hunziker-.png\" title=\"Andrin Hunziker\" alt=\"\" data-was-processed=\"true\" data-><\/div><\/div><\/div><\/div><\/div><div  data-label=\"Content\" data-id=\"content--3\" data-export-id=\"content-15\" data-category=\"content\" class=\"content-15 content-section content-section-spacing\" id=\"content-3\" style=\"background-color: rgb(245, 250, 253);\"><div  class=\"gridContainer\"><div  class=\"row middle-sm\"><div  class=\"col-sm-6 flexbox around-xs top-xs space-bottom-xs space-top-xs\"><div  class=\"overlay-box flexbox middle-xs center-xs overlay-holder\"><div  class=\"overlay-box-offset offset-border shadow-medium border-color2 hide-xs\"><\/div> <img wpfc-lazyload-disable=\"true\" decoding=\"async\" class=\"flexbox shadow-large img1 lazy loaded\" data-size=\"500x500\" src=\"https:\/\/radiosummernight.ch\/upload\/2023\/01\/B4C831CF-A1F3-4E84-BB9C-3E91A5001E9E.jpeg\" data-src=\"https:\/\/radiosummernight.ch\/upload\/2023\/01\/B4C831CF-A1F3-4E84-BB9C-3E91A5001E9E.jpeg\" title=\"B4C831CF-A1F3-4E84-BB9C-3E91A5001E9E\" alt=\"\" data-was-processed=\"true\" data-><\/div><\/div><div  class=\"col-sm-6\" data-type=\"column\"><h2  class=\"\">Utiliser l'ordinateur \u00e0 bon escient<\/h2><p  class=\"\">Mit der Projektwoche zeigen wir auf, dass die Medien und die technischen Ger\u00e4te nicht nur dem Zeitvertreib dienen, sondern auch als Arbeitsmittel oder Hilfsmittel zum Einsatz kommen. W\u00e4hrend der Projektwoche setzen sich die Sch\u00fclerinnen und&nbsp;Sch\u00fcler intensiv mit den neuen Medien auseinander und lernen so einen sorgsamen Umgang. Durch die Recherche und die begleitete Auseinandersetzung mit den Themen werden den Teilnehmenden die Chancen und Gefahren der neuen Medien aufgezeigt.<\/p><\/div><\/div><\/div><\/div><div  data-label=\"Content\" data-id=\"content--4\" data-export-id=\"content-16\" data-category=\"content\" class=\"content-16 content-section content-section-spacing\" id=\"content-4\" style=\"background-color: rgb(255, 255, 255);\"><div  class=\"gridContainer\"><div  class=\"row middle-sm\"><div  class=\"col-sm-6 space-bottom-xs\" data-type=\"column\"><h2  class=\"\">Projet radio comme bonne pratique<\/h2><p  class=\"\">Der Verband der Offenen Kinder- und Jugendarbeit Bern hat uns als Good Practice in seinem Grundlagenpapier erw\u00e4hnt. Unser Jugendradio bietet Schulklassen spannende Radioworkshops an, in denen Sch\u00fclerinnen und Sch\u00fcler technische Kenntnisse und kreative F\u00e4higkeiten wie Interviewf\u00fchrung und Moderation erlernen. Diese praxisnahen Erfahrungen f\u00f6rdern Medienkompetenz, Teamarbeit und Selbstbewusstsein. Die Anerkennung best\u00e4tigt die Qualit\u00e4t unserer Arbeit, und wir freuen uns auf viele weitere spannende Projekte.<\/p> <a  class=\"button color1\" href=\"https:\/\/radiosummernight.ch\/upload\/IssueDigitaleOKJA_April2023_voja.pdf\" target=\"_self\" data-cp-link=\"1\" data-icon=\"\" rel=\"noopener\">Vers le document de l'OKJA Berne<\/a><\/div><div  class=\"col-sm-6 flexbox around-xs top-xs space-top-xs space-bottom-xs\"><div  class=\"overlay-box flexbox middle-xs center-xs overlay-holder\"><div  class=\"overlay-box-offset offset-border shadow-medium border-color2 hide-xs\"><\/div> <img decoding=\"async\" class=\"flexbox shadow-large img1 lazy loaded\" data-size=\"500x500\" src=\"https:\/\/radiosummernight.ch\/upload\/cropped-Unbenannt-1.png\" data-src=\"https:\/\/radiosummernight.ch\/upload\/cropped-Unbenannt-1.png\" title=\"Unbenannt\" alt=\"\" data-was-processed=\"true\" data-><\/div><\/div><\/div><\/div><\/div><div  data-label=\"About\" data-id=\"about--3\" data-export-id=\"about-7\" data-category=\"about\" class=\"about-7 content-section content-section-spacing\" id=\"about-3\" style=\"background-color: rgb(255, 255, 255);\"><div  class=\"gridContainer\"><div  class=\"row middle-sm text-center\"><div  class=\"col-sm-6 space-bottom-xs\" data-type=\"column\"><h2  class=\"\">R\u00fcti ZH, Aarau ou dans le radiobus pr\u00e8s de l'\u00e9cole<\/h2><p  class=\"\">Nos ateliers pour les classes peuvent avoir lieu \u00e0 diff\u00e9rents endroits, en fonction de vos besoins et de vos pr\u00e9f\u00e9rences. Que ce soit \u00e0 R\u00fcti ZH, \u00e0 Aarau ou \u00e0 un autre endroit de votre choix, par exemple sur votre Pasuenplatz. Cette polyvalence nous permet de proposer des exp\u00e9riences d'apprentissage sur mesure et de rendre les cours vivants et passionnants.<\/p><\/div><div  class=\"col-sm-6 col-relative space-bottom-xs\"><div  class=\"row spaced-cols\"><div  class=\"col-xs-6 flexbox middle-xs center-xs\"> <img decoding=\"async\" class=\"shadow-large lazy loaded\" data-size=\"300x300\" src=\"https:\/\/radiosummernight.ch\/upload\/cropped-IMG_1984-1-scaled-1.jpg\" data-src=\"https:\/\/radiosummernight.ch\/upload\/cropped-IMG_2925-scaled-1.jpeg\" alt=\"\" title=\"IMG_1984\" data-was-processed=\"true\"><\/div><div  class=\"col-xs-6 flexbox middle-xs center-xs\"> <img decoding=\"async\" class=\"shadow-large lazy loaded\" data-size=\"300x300\" src=\"https:\/\/radiosummernight.ch\/upload\/cropped-IMG_5427-scaled-1.jpg\" data-src=\"https:\/\/radiosummernight.ch\/upload\/cropped-P1071767-scaled-1.jpg\" alt=\"\" title=\"IMG_5427\" data-was-processed=\"true\"><\/div><div  class=\"col-xs-6 flexbox middle-xs center-xs\"> <img decoding=\"async\" class=\"shadow-large lazy loaded\" data-size=\"300x300\" src=\"https:\/\/radiosummernight.ch\/upload\/cropped-bb9d86dc-5b0c-415c-b01b-c1dad6e885b1.jpeg\" data-src=\"https:\/\/radiosummernight.ch\/upload\/cropped-bb9d86dc-5b0c-415c-b01b-c1dad6e885b1.jpeg\" alt=\"\" title=\"cropped-bb9d86dc-5b0c-415c-b01b-c1dad6e885b1.jpeg\" data-was-processed=\"true\" data-><\/div><div  class=\"col-xs-6 flexbox middle-xs center-xs\"> <img decoding=\"async\" class=\"shadow-large lazy loaded\" data-size=\"300x300\" src=\"https:\/\/radiosummernight.ch\/upload\/cropped-P1071746-scaled-1.jpg\" data-src=\"https:\/\/radiosummernight.ch\/upload\/cropped-P1071746-scaled-1.jpg\" alt=\"\" title=\"P1071746\" data-was-processed=\"true\" data-><\/div><\/div><div  class=\"center-overlay inner-shadow border-large\"><\/div><\/div><\/div><\/div><\/div><div  data-label=\"Testimonials\" data-id=\"testimonials--1\" data-export-id=\"testimonials-2\" data-category=\"testimonials\" class=\"testimonials-1 content-section content-section-spacing\" id=\"testimonials-1\" style=\"background-color: rgb(255, 255, 255);\"><div  class=\"gridContainer\"><div  class=\"row\"><div  data-type=\"column\" class=\"section-title-col\"><\/div><\/div><div  class=\"row spaced-cols content-center-sm\" data-type=\"row\"><div  class=\"col-xs-12 col-sm-6 col-md-4\"><p  class=\"\">\u00ab C'\u00e9tait une merveilleuse occasion de combiner culture et pratique. Alors, emmenez vos enfants \u00e0 la radio des jeunes Summernight \u00bb !&nbsp;<\/p> <img decoding=\"async\" src=\"https:\/\/radiosummernight.ch\/upload\/cropped-IMG_0644-scaled-1.jpeg\" data-src=\"https:\/\/radiosummernight.ch\/upload\/cropped-IMG_0644-scaled-1.jpeg\" class=\"round icon lazy loaded\" title=\"IMG_0644\" alt=\"\" data-was-processed=\"true\" data-><h5  class=\"\">Patricia Sigl<\/h5><p  class=\"small\" style=\"font-style: italic;\">Enseignant - Schule R\u00fcti ZH<\/p><\/div><div  class=\"col-xs-12 col-sm-6 col-md-4\"><p  class=\"\">\u00ab Nous avons beaucoup de plaisir \u00e0 faire des reportages et des \u00e9missions en direct. Dans le classement des meilleurs ateliers de la semaine de projet, nous sommes en tout cas tout en haut \u00bb.&nbsp;<\/p> <img  decoding=\"async\" src=\"https:\/\/radiosummernight.ch\/upload\/2023\/01\/Bilder-Team-RSN.png\" data-src=\"https:\/\/radiosummernight.ch\/upload\/2023\/01\/Bilder-Team-RSN.png\" class=\"round icon lazy loaded\" title=\"Bilder Team RSN\" alt=\"Noch kein Bild vorhanden.\" data-was-processed=\"true\"><h5  class=\"\">Monika Hauser<\/h5><p  class=\"small\" style=\"font-style: italic;\">Enseignant - Schule Horgen<\/p><\/div><div  class=\"col-xs-12 col-sm-6 col-md-4\"><p  class=\"\">\u00abL'atelier radio est bien organis\u00e9, de sorte que l'on ne s'ennuie jamais. Nous avons un aper\u00e7u passionnant d'un autre domaine que nous n'avons pas l'habitude de c\u00f4toyer dans notre quotidien professionnel ou scolaire.\u00bb&nbsp;<\/p> <img decoding=\"async\" src=\"https:\/\/radiosummernight.ch\/upload\/cropped-Radio_3-scaled-1.jpeg\" data-src=\"https:\/\/radiosummernight.ch\/upload\/cropped-Radio_3-scaled-1.jpeg\" class=\"round icon lazy loaded\" title=\"Radio_3\" alt=\"\" data-was-processed=\"true\" data-><h5  class=\"\">Lea Kosco<\/h5><p  class=\"small\" style=\"font-style: italic;\">\u00c9l\u00e8ve - BWZ Rapperswil (2e ann\u00e9e d'apprentissage de commerce)<\/p><\/div><div  class=\"col-xs-12 col-sm-6 col-md-4\"><p  class=\"\">\u00ab Avec nos \u00e9l\u00e8ves du secondaire, nous avons enregistr\u00e9 une \u00e9mission dans le studio de Radio SummerNight pendant une semaine de projet. Une exp\u00e9rience formidable &amp; enrichissante - tout le monde s'est engag\u00e9, a fait des recherches, a pr\u00e9sent\u00e9 et a m\u00eame oubli\u00e9 les pauses.   \u00bb<\/p> <img decoding=\"async\" src=\"https:\/\/radiosummernight.ch\/upload\/cropped-cropped-IMG_2964-scaled-1.jpeg\" data-src=\"https:\/\/radiosummernight.ch\/upload\/cropped-cropped-IMG_2964-scaled-1.jpeg\" class=\"round icon lazy loaded\" title=\"IMG_2964\" alt=\"\" data-was-processed=\"true\" data-><h5  class=\"\">Anita Blaser Ali&nbsp;<\/h5><p  class=\"small\" style=\"font-style: italic;\">Enseignant - SEK EINS H\u00d6FE&nbsp;<\/p><\/div><div  class=\"col-xs-12 col-sm-6 col-md-4\"><p  class=\"\">\u00ab Les \u00e9l\u00e8ves ont pu cr\u00e9er leurs propres \u00e9missions de radio sur des th\u00e8mes de leur choix. L'\u00e9quipe de Radio Summernight a r\u00e9ussi \u00e0 s'adapter \u00e0 chacun des \u00e9l\u00e8ves et \u00e0 les motiver pour la recherche, l'enregistrement et l'\u00e9mission en direct : Un aper\u00e7u passionnant des \"coulisses de la radio\" \u00bb.<\/p> <img decoding=\"async\" src=\"https:\/\/radiosummernight.ch\/upload\/cropped-59933.jpg\" data-src=\"https:\/\/radiosummernight.ch\/upload\/cropped-IMG_0644-scaled-1.jpeg\" class=\"round icon lazy loaded\" title=\"cropped-59933.jpg\" alt=\"\" data-was-processed=\"true\" data-=\"\"><h5  class=\"\">BWZ Rapperswil<\/h5><p  class=\"small\" style=\"font-style: italic;\">Enseignants - BWZ Rapperswil<\/p><\/div><\/div><\/div><\/div><div  data-label=\"Cta\" data-id=\"cta--1\" data-export-id=\"cta-blue-section\" data-category=\"cta\" class=\"cta-blue-section content-section content-section-spacing-medium bg-color1 white-text\" id=\"cta-1\"><div  class=\"gridContainer\"><div  class=\"row middle-xs\"><div  class=\"col-sm-8 space-bottom-xs\" data-type=\"column\"><h2  class=\"\">Demandez maintenant un atelier<\/h2><\/div><div  class=\"col-sm-4 end-sm\" data-type=\"column\"> <a  class=\"button color-white dark-text\" href=\"https:\/\/radiosummernight.ch\/fr\/schulen\/#kontakt\" target=\"_self\" data-cp-link=\"1\" data-icon=\"\" rel=\"noopener\">Contact<\/a><\/div><\/div><\/div><\/div><div  data-label=\"Team\" data-id=\"team--2\" data-export-id=\"team-1\" data-category=\"team\" class=\"team-1 content-section content-section-spacing content-relative\" id=\"team-2\" style=\"background-color: rgb(245, 250, 253);\"><div  class=\"section-separator-top\"> <svg  class=\"section-separator-top\" data-separator-name=\"triangle-asymmetrical-negative\" preserveaspectratio=\"none\" viewbox=\"0 0 1000 100\" xmlns=\"http:\/\/www.w3.org\/2000\/svg\"> <path  class=\"svg-white-bg\" d=\"M737.9,94.7L0,0v100h1000V0L737.9,94.7z\"><\/path> <\/svg><\/div><div  class=\"gridContainer\"><div  class=\"row text-center\"><div  class=\"section-title-col\" data-type=\"column\"><h2  class=\"\">Notre \u00e9quipe d'atelier<\/h2><\/div><\/div><div  class=\"row spaced-cols content-center-sm\" data-type=\"row\"><div  class=\"col-xs-12 col-sm-6 col-md-3\"><div  class=\"card bottom-border-color1 no-padding no-shadow\"> <img wpfc-lazyload-disable=\"true\" decoding=\"async\" class=\"face lazy\" src=\"https:\/\/radiosummernight.ch\/upload\/Kein-Titel-10.416-\u00d7-10.416-Zoll.png\" data-src=\"https:\/\/radiosummernight.ch\/upload\/Kein-Titel-10.416-\u00d7-10.416-Zoll.png\" title=\"Gian-Luca Biechler\" alt=\"\" data-><div  data-type=\"column\" class=\"col-padding-small col-padding-small-xs description-container\"><h4  class=\"font-500\">Gian-Luca Biechler<\/h4><p  class=\"small\" style=\"font-style: italic;\">Sozialarbeiter B.A. (in Ausbildung)<\/p><div  class=\"social-icons-group\" data-type=\"group\"> <a  href=\"#\" target=\"_self\" data-reiki-hidden=\"true\" rel=\"noopener\"><i  class=\"fa icon fa-facebook-square gray\"><\/i><\/a> <a  href=\"#\" target=\"_self\" data-reiki-hidden=\"true\" rel=\"noopener\"><i  class=\"fa icon fa-twitter-square gray\"><\/i><\/a> <a  href=\"#\" target=\"_self\" data-reiki-hidden=\"true\" rel=\"noopener\"><i  class=\"fa icon fa-linkedin-square gray\"><\/i><\/a> <a  href=\"#\" target=\"_self\" data-reiki-hidden=\"true\" rel=\"noopener\"><i  class=\"fa icon fa-google-plus-square gray\"><\/i><\/a><\/div><\/div><\/div><\/div><div  class=\"col-xs-12 col-sm-6 col-md-3\"><div  class=\"card bottom-border-color1 no-padding no-shadow\"> <img  wpfc-lazyload-disable=\"true\" decoding=\"async\" class=\"face lazy\" src=\"https:\/\/radiosummernight.ch\/upload\/2023\/01\/Design-ohne-Titel-9.png\" data-src=\"https:\/\/radiosummernight.ch\/upload\/2023\/01\/Design-ohne-Titel-9.png\" title=\"Christian Duss\" alt=\"Bild von Christian Duss\"><div  data-type=\"column\" class=\"col-padding-small col-padding-small-xs description-container\"><h4  class=\"font-500\">Christian Duss<\/h4><p  class=\"small\" style=\"font-style: italic;\">Betriebswirtschafter<\/p><div  class=\"social-icons-group\" data-type=\"group\"> <a  href=\"#\" target=\"_self\" data-reiki-hidden=\"true\" rel=\"noopener\"><i  class=\"fa icon fa-facebook-square gray\"><\/i><\/a> <a  href=\"#\" target=\"_self\" data-reiki-hidden=\"true\" rel=\"noopener\"><i  class=\"fa icon fa-twitter-square gray\"><\/i><\/a> <a  href=\"#\" target=\"_self\" data-reiki-hidden=\"true\" rel=\"noopener\"><i  class=\"fa icon fa-linkedin-square gray\"><\/i><\/a> <a  href=\"#\" target=\"_self\" data-reiki-hidden=\"true\" rel=\"noopener\"><i  class=\"fa icon fa-google-plus-square gray\"><\/i><\/a><\/div><\/div><\/div><\/div><div  class=\"col-xs-12 col-sm-6 col-md-3\"><div  class=\"card bottom-border-color1 no-padding no-shadow\"> <img wpfc-lazyload-disable=\"true\" decoding=\"async\" class=\"face lazy\" src=\"https:\/\/radiosummernight.ch\/upload\/cropped-IMG_9453-1-scaled-1.jpeg\" data-src=\"https:\/\/radiosummernight.ch\/upload\/Kein-Titel-10.416-\u00d7-10.416-Zoll.png\" title=\"IMG_9453\" alt=\"\" data-=\"\"><div  data-type=\"column\" class=\"col-padding-small col-padding-small-xs description-container\"><h4  class=\"font-500\">Aline Binder<\/h4><p  class=\"small\" style=\"font-style: italic;\">Praktikantin<\/p><div  class=\"social-icons-group\" data-type=\"group\"> <a  href=\"#\" target=\"_self\" data-reiki-hidden=\"true\" rel=\"noopener\"><i  class=\"fa icon fa-facebook-square gray\"><\/i><\/a> <a  href=\"#\" target=\"_self\" data-reiki-hidden=\"true\" rel=\"noopener\"><i  class=\"fa icon fa-twitter-square gray\"><\/i><\/a> <a  href=\"#\" target=\"_self\" data-reiki-hidden=\"true\" rel=\"noopener\"><i  class=\"fa icon fa-linkedin-square gray\"><\/i><\/a> <a  href=\"#\" target=\"_self\" data-reiki-hidden=\"true\" rel=\"noopener\"><i  class=\"fa icon fa-google-plus-square gray\"><\/i><\/a><\/div><\/div><\/div><\/div><div  class=\"col-xs-12 col-sm-6 col-md-3\"><div  class=\"card bottom-border-color1 no-padding no-shadow\"> <img  wpfc-lazyload-disable=\"true\" decoding=\"async\" class=\"face lazy\" src=\"https:\/\/radiosummernight.ch\/upload\/2023\/01\/Bilder-Team-RSN.png\" data-src=\"https:\/\/radiosummernight.ch\/upload\/Kein-Titel-10.416-\u00d7-10.416-Zoll.png\" title=\"Bilder Team RSN\" alt=\"Noch kein Bild vorhanden.\" data-=\"\"><div  data-type=\"column\" class=\"col-padding-small col-padding-small-xs description-container\"><h4  class=\"font-500\">Sandra<\/h4><p  class=\"small\" style=\"font-style: italic;\">Mitarbeiterin Radio<\/p><div  class=\"social-icons-group\" data-type=\"group\"> <a  href=\"#\" target=\"_self\" data-reiki-hidden=\"true\" rel=\"noopener\"><i  class=\"fa icon fa-facebook-square gray\"><\/i><\/a> <a  href=\"#\" target=\"_self\" data-reiki-hidden=\"true\" rel=\"noopener\"><i  class=\"fa icon fa-twitter-square gray\"><\/i><\/a> <a  href=\"#\" target=\"_self\" data-reiki-hidden=\"true\" rel=\"noopener\"><i  class=\"fa icon fa-linkedin-square gray\"><\/i><\/a> <a  href=\"#\" target=\"_self\" data-reiki-hidden=\"true\" rel=\"noopener\"><i  class=\"fa icon fa-google-plus-square gray\"><\/i><\/a><\/div><\/div><\/div><\/div><\/div><\/div><\/div><div  data-label=\"Kontakt\" data-id=\"contact--1\" data-export-id=\"contact-1\" data-category=\"contact\" class=\"contact-1 content-section content-section-spacing white-text wp-dark-mode-ignore lazy\" data-parallax-depth=\"20\" id=\"kontakt\" style=\"background-color: rgb(255, 255, 255); background-size: cover; background-position: center top;\" data-bg=\"url(&quot;https:\/\/radiosummernight.ch\/upload\/2023\/01\/29505C27-ADE9-4B4A-A0A7-0D5782FB966F.jpeg&quot;)\"><div  class=\"gridContainer wp-dark-mode-ignore\"><div  class=\"row text-center wp-dark-mode-ignore\"><div  class=\"section-title-col wp-dark-mode-ignore\" data-type=\"column\"><h2  class=\"wp-dark-mode-ignore\">Contactez-nous<\/h2><p  class=\"lead wp-dark-mode-ignore\">Recevez le concept d\u00e9taill\u00e9 et des informations sur le mat\u00e9riel p\u00e9dagogique.<\/p><\/div><\/div><div  class=\"row text-center wp-dark-mode-ignore\"><div  class=\"col-xs-12 col-sm-8 col-sm-offset-2 contact-form-wrapper inline-info wp-dark-mode-ignore\"><div  class=\"card large-padding wp-dark-mode-ignore\"><div  class=\"wp-dark-mode-ignore\" data-content-shortcode=\"mesmerize_contact_form shortcode=&quot;contact-form-7 id=&amp;amp;quot;11995&amp;amp;quot; title=&amp;amp;quot;Anfrage Radiokurse Schule&amp;amp;quot;&quot;\" data-editable=\"true\">\n<div class=\"wpcf7 no-js\" id=\"wpcf7-f11995-o1\" lang=\"de-DE\" dir=\"ltr\" data-wpcf7-id=\"11995\">\n<div class=\"screen-reader-response\"><p role=\"status\" aria-live=\"polite\" aria-atomic=\"true\"><\/p> <ul><\/ul><\/div>\n<form action=\"\/fr\/wp-json\/wp\/v2\/pages\/11968#wpcf7-f11995-o1\" method=\"post\" class=\"wpcf7-form init\" aria-label=\"Kontaktformular\" novalidate=\"novalidate\" data-status=\"init\" data-trp-original-action=\"\/fr\/wp-json\/wp\/v2\/pages\/11968#wpcf7-f11995-o1\">\n<fieldset class=\"hidden-fields-container\"><input type=\"hidden\" name=\"_wpcf7\" value=\"11995\" \/><input type=\"hidden\" name=\"_wpcf7_version\" value=\"6.1.5\" \/><input type=\"hidden\" name=\"_wpcf7_locale\" value=\"de_DE\" \/><input type=\"hidden\" name=\"_wpcf7_unit_tag\" value=\"wpcf7-f11995-o1\" \/><input type=\"hidden\" name=\"_wpcf7_container_post\" value=\"0\" \/><input type=\"hidden\" name=\"_wpcf7_posted_data_hash\" value=\"\" \/>\n<\/fieldset>\n<p><label> Pr\u00e9nom et nom de famille<br \/>\n<span class=\"wpcf7-form-control-wrap\" data-name=\"your-name\"><input size=\"40\" maxlength=\"400\" class=\"wpcf7-form-control wpcf7-text wpcf7-validates-as-required\" aria-required=\"true\" aria-invalid=\"false\" value=\"\" type=\"text\" name=\"your-name\" \/><\/span> <\/label><br \/>\n<label> E-Mail<br \/>\n<span class=\"wpcf7-form-control-wrap\" data-name=\"your-email\"><input size=\"40\" maxlength=\"400\" class=\"wpcf7-form-control wpcf7-email wpcf7-validates-as-required wpcf7-text wpcf7-validates-as-email\" aria-required=\"true\" aria-invalid=\"false\" value=\"\" type=\"email\" name=\"your-email\" \/><\/span> <\/label><br \/>\n<label> Num\u00e9ro de t\u00e9l\u00e9phone<br \/>\n<span class=\"wpcf7-form-control-wrap\" data-name=\"tel-274\"><input size=\"40\" maxlength=\"400\" class=\"wpcf7-form-control wpcf7-tel wpcf7-validates-as-required wpcf7-text wpcf7-validates-as-tel\" aria-required=\"true\" aria-invalid=\"false\" value=\"\" type=\"tel\" name=\"tel-274\" \/><\/span><\/label>\n<\/p>\n<p><label> Classe<br \/>\n<span class=\"wpcf7-form-control-wrap\" data-name=\"your-Klasse\"><input size=\"40\" maxlength=\"400\" class=\"wpcf7-form-control wpcf7-text wpcf7-validates-as-required\" aria-required=\"true\" aria-invalid=\"false\" value=\"\" type=\"text\" name=\"your-Klasse\" \/><\/span> <\/label><br \/>\n<label> Ann\u00e9e de naissance (de \u00e0)<br \/>\n<span class=\"wpcf7-form-control-wrap\" data-name=\"your-jahrgang\"><input size=\"40\" maxlength=\"400\" class=\"wpcf7-form-control wpcf7-text wpcf7-validates-as-required\" aria-required=\"true\" aria-invalid=\"false\" value=\"\" type=\"text\" name=\"your-jahrgang\" \/><\/span><\/label><br \/>\n<label> Code postal et lieu de l'\u00e9cole<br \/>\n<span class=\"wpcf7-form-control-wrap\" data-name=\"your-plz\"><input size=\"40\" maxlength=\"400\" class=\"wpcf7-form-control wpcf7-text wpcf7-validates-as-required\" aria-required=\"true\" aria-invalid=\"false\" value=\"\" type=\"text\" name=\"your-plz\" \/><\/span><\/label>\n<\/p>\n<p><label> Jours de projet dans la p\u00e9riode du<br \/>\n<span class=\"wpcf7-form-control-wrap\" data-name=\"your-zeitraum\"><input size=\"40\" maxlength=\"400\" class=\"wpcf7-form-control wpcf7-text wpcf7-validates-as-required\" aria-required=\"true\" aria-invalid=\"false\" value=\"\" type=\"text\" name=\"your-zeitraum\" \/><\/span> <\/label><br \/>\n<label> Nombre de participants<br \/>\n<span class=\"wpcf7-form-control-wrap\" data-name=\"your-anzahl\"><input size=\"40\" maxlength=\"400\" class=\"wpcf7-form-control wpcf7-text wpcf7-validates-as-required\" aria-required=\"true\" aria-invalid=\"false\" value=\"\" type=\"text\" name=\"your-anzahl\" \/><\/span> <\/label><br \/>\n<label> souhaits suggestions<br \/>\n<span class=\"wpcf7-form-control-wrap\" data-name=\"your-diverses\"><input size=\"40\" maxlength=\"400\" class=\"wpcf7-form-control wpcf7-text wpcf7-validates-as-required\" aria-required=\"true\" aria-invalid=\"false\" value=\"\" type=\"text\" name=\"your-diverses\" \/><\/span> <\/label>\n<\/p>\n<p><input class=\"wpcf7-form-control wpcf7-submit has-spinner button\" id=\"form-submit\" type=\"submit\" value=\"Envoyer la demande\" \/>\n<\/p><div class=\"wpcf7-response-output\" aria-hidden=\"true\"><\/div>\n<input type=\"hidden\" name=\"trp-form-language\" value=\"fr\"\/><\/form>\n<\/div>\n<\/div><\/div><\/div><\/div><\/div><\/div><div  data-label=\"Contact\" data-id=\"contact--2\" data-export-id=\"contact-5\" data-category=\"contact\" class=\"contact-5 content-section content-section-spacing\" id=\"contact-2\" style=\"background-color: rgb(255, 255, 255);\"><div  class=\"gridContainer\"><div  class=\"row text-center\"><div  class=\"section-title-col\" data-type=\"column\"><h3  class=\"\"><span  style=\"color: rgb(18, 99, 0);\">Je me tiens \u00e0 votre disposition pour toute question ou suggestion.<\/span><\/h3><\/div><\/div><div  class=\"row middle-sm\"><div  class=\"col-xs-12 col-sm-6 image-holder space-bottom-xs\"> <img class=\"lazy\" wpfc-lazyload-disable=\"true\" decoding=\"async\" src=\"https:\/\/radiosummernight.ch\/upload\/Kopie-von-Artikel-Bild-Aarau24-27.png\" data-src=\"https:\/\/radiosummernight.ch\/upload\/Kopie-von-Artikel-Bild-Aarau24-27.png\" title=\"Gian-Luca BIechler\" alt=\"\" data-><\/div><div  class=\"col-xs-12 col-sm-6\"><div  class=\"row middle-sm\"><div  data-type=\"column\" class=\"col-xs-12 space-bottom-small\"><\/div><\/div><div  class=\"row middle-sm\" data-type=\"row\"><div  class=\"col-xs-12 space-bottom-small\"><div  class=\"row\"><div  data-type=\"column\" class=\"col-xs-12 col-sm-fit label-col\"><h5  class=\"\">Telefon:<\/h5><\/div><div  data-type=\"column\" class=\"col-xs-12 col-sm\"><p  class=\"\">&nbsp;062 511 03 05<\/p><\/div><\/div><\/div><div  class=\"col-xs-12 space-bottom-small\"><div  class=\"row\"><div  data-type=\"column\" class=\"col-xs-12 col-sm-fit label-col\"><h5  class=\"\">Email:<\/h5><\/div><div  data-type=\"column\" class=\"col-xs-12 col-sm\"><a  href=\"mailto:gianluca@radiosummernight.ch\" class=\"\" target=\"_self\" data-cp-link=\"1\" rel=\"noopener\">gianluca@radiosummernight.ch<\/a><\/div><\/div><\/div><\/div><\/div><\/div><\/div><\/div><div  data-label=\"Portfolio\" data-id=\"portfolio--1\" data-export-id=\"portfolio-1\" data-category=\"portfolio\" class=\"portfolio-1 content-section content-section-spacing\" id=\"portfolio-1\" style=\"background-color: rgb(245, 250, 253);\"><div  class=\"gridContainer\"><div  data-type=\"row\" class=\"row spaced-cols center-sm\" data-fixed=\"true\"><div  class=\"col-xs-12 col-sm-4 col-md-3\"><div  class=\"contentswap-effect visible\" data-hover-fx=\"portfolio-1\"><div  class=\"initial-image\"> <img class=\"lazy\" wpfc-lazyload-disable=\"true\" decoding=\"async\" data-size=\"500x333\" src=\"https:\/\/radiosummernight.ch\/upload\/Download-2.png\" data-src=\"https:\/\/radiosummernight.ch\/upload\/2023\/01\/Design-ohne-Titel-8.png\" alt=\"\" title=\"\"><\/div><div  class=\"overlay wp-dark-mode-ignore\"><\/div><div  class=\"swap-inner col-xs-12\"><div  class=\"row full-height-row bottom-xs\"><div  class=\"col-xs-12 color1 text-center content-holder\"><h4  class=\"inverted font-500\"><\/h4> <a  href=\"#\" class=\"inverted italic p small\" target=\"_self\" data-cp-link=\"1\" rel=\"noopener\"><\/a><\/div><\/div><\/div><\/div><\/div><div  class=\"col-xs-12 col-sm-4 col-md-3\"><div  class=\"contentswap-effect visible\" data-hover-fx=\"portfolio-1\"><div  class=\"initial-image\"> <img class=\"lazy\" wpfc-lazyload-disable=\"true\" decoding=\"async\" data-size=\"500x333\" src=\"https:\/\/radiosummernight.ch\/upload\/2023\/01\/Design-ohne-Titel-4.png\" data-src=\"https:\/\/radiosummernight.ch\/upload\/2023\/01\/Design-ohne-Titel-4.png\" alt=\"\" title=\"\" data-><\/div><div  class=\"overlay wp-dark-mode-ignore\"><\/div><div  class=\"swap-inner col-xs-12\"><div  class=\"row full-height-row bottom-xs\"><div  class=\"col-xs-12 color1 text-center content-holder\"><h4  class=\"inverted font-500\"><\/h4> <a  href=\"#\" class=\"inverted italic p small\" target=\"_self\" data-cp-link=\"1\" rel=\"noopener\"><\/a><\/div><\/div><\/div><\/div><\/div><div  class=\"col-xs-12 col-sm-4 col-md-3\"><div  class=\"contentswap-effect visible\" data-hover-fx=\"portfolio-1\"><div  class=\"initial-image\"> <img class=\"lazy\" wpfc-lazyload-disable=\"true\" decoding=\"async\" data-size=\"500x333\" src=\"https:\/\/radiosummernight.ch\/upload\/SK_Logo_final-D-scaled.jpg\" data-src=\"https:\/\/radiosummernight.ch\/upload\/2023\/01\/Design-ohne-Titel-5.png\" alt=\"\" title=\"\"><\/div><div  class=\"overlay wp-dark-mode-ignore\"><\/div><div  class=\"swap-inner col-xs-12\"><div  class=\"row full-height-row bottom-xs\"><div  class=\"col-xs-12 color1 text-center content-holder\"><h4  class=\"inverted font-500\"><\/h4> <a  href=\"#\" class=\"inverted italic p small\" target=\"_self\" data-cp-link=\"1\" rel=\"noopener\"><\/a><\/div><\/div><\/div><\/div><\/div><div  class=\"col-xs-12 col-sm-4 col-md-3\"><div  class=\"contentswap-effect visible\" data-hover-fx=\"portfolio-1\"><div  class=\"initial-image\"> <img class=\"lazy\" wpfc-lazyload-disable=\"true\" decoding=\"async\" data-size=\"500x333\" src=\"https:\/\/radiosummernight.ch\/upload\/2020\/04\/SWISSLOS_Kanton_Aargau_sw-removebg-preview-2.png\" data-src=\"https:\/\/radiosummernight.ch\/upload\/Download-2.png\" alt=\"\" title=\"\"><\/div><div  class=\"overlay wp-dark-mode-ignore\"><\/div><div  class=\"swap-inner col-xs-12\"><div  class=\"row full-height-row bottom-xs\"><div  class=\"col-xs-12 color1 text-center content-holder\"><h4  class=\"inverted font-500\"><\/h4> <a  href=\"#\" class=\"inverted italic p small\" target=\"_self\" data-cp-link=\"1\" rel=\"noopener\"><\/a><\/div><\/div><\/div><\/div><\/div><\/div><\/div><\/div>","protected":false},"excerpt":{"rendered":"<p>Livebeitr\u00e4geProduzieren von Liveinhalten und das Ver\u00f6ffentlichen der Radiobeitr\u00e4ge ist ein Ansporn f\u00fcr Sch\u00fclerinnen und Sch\u00fcler und animiert dazu, sich mit neuen Themen auseinander zu setzen und diese wiederzugeben.PartizipationUnsere Projekttage oder Wochen sind so aufgebaut, dass Kinder und Jugendlichen \u00fcber Inhalte selber bestimmen k\u00f6nnen, auch ob Radiobeitrag, Reportage oder Podcast vieles ist m\u00f6glich.Lernhefte und MaterialienDie Kursb\u00fccher&hellip; <br \/> <a class=\"read-more\" href=\"https:\/\/radiosummernight.ch\/fr\/schulen\/\">Read more<\/a><\/p>","protected":false},"author":1,"featured_media":0,"parent":0,"menu_order":0,"comment_status":"closed","ping_status":"closed","template":"pro\/page-templates\/full-width-page.php","meta":{"episode_type":"","audio_file":"","podmotor_file_id":"","podmotor_episode_id":"","cover_image":"","cover_image_id":"","duration":"","filesize":"","filesize_raw":"","date_recorded":"","explicit":"","block":"","itunes_episode_number":"","itunes_title":"","itunes_season_number":"","itunes_episode_type":"","footnotes":""},"class_list":["post-11968","page","type-page","status-publish","hentry"],"_links":{"self":[{"href":"https:\/\/radiosummernight.ch\/fr\/wp-json\/wp\/v2\/pages\/11968","targetHints":{"allow":["GET"]}}],"collection":[{"href":"https:\/\/radiosummernight.ch\/fr\/wp-json\/wp\/v2\/pages"}],"about":[{"href":"https:\/\/radiosummernight.ch\/fr\/wp-json\/wp\/v2\/types\/page"}],"author":[{"embeddable":true,"href":"https:\/\/radiosummernight.ch\/fr\/wp-json\/wp\/v2\/users\/1"}],"replies":[{"embeddable":true,"href":"https:\/\/radiosummernight.ch\/fr\/wp-json\/wp\/v2\/comments?post=11968"}],"version-history":[{"count":1,"href":"https:\/\/radiosummernight.ch\/fr\/wp-json\/wp\/v2\/pages\/11968\/revisions"}],"predecessor-version":[{"id":26864,"href":"https:\/\/radiosummernight.ch\/fr\/wp-json\/wp\/v2\/pages\/11968\/revisions\/26864"}],"wp:attachment":[{"href":"https:\/\/radiosummernight.ch\/fr\/wp-json\/wp\/v2\/media?parent=11968"}],"curies":[{"name":"wp","href":"https:\/\/api.w.org\/{rel}","templated":true}]}}