{"id":1252,"date":"2018-09-06T09:06:44","date_gmt":"2018-09-06T09:06:44","guid":{"rendered":"https:\/\/radiosummernight.ch\/?page_id=1252"},"modified":"2026-01-02T05:25:53","modified_gmt":"2026-01-02T04:25:53","slug":"radiokurse","status":"publish","type":"page","link":"https:\/\/radiosummernight.ch\/fr\/radiokurse\/","title":{"rendered":"Cours de radio"},"content":{"rendered":"<div  data-id=\"initial-content-section\" data-export-id=\"initial-content-section\" data-label=\"Initial Content\" id=\"initial-content-section\" class=\"content-section content-section-spacing content-relative\"><div  class=\"section-separator-top\"><svg  class=\"section-separator-top\" data-separator-name=\"triangle-asymmetrical-negative\" preserveaspectratio=\"none\" viewbox=\"0 0 1000 100\" xmlns=\"http:\/\/www.w3.org\/2000\/svg\"><\/svg><path  class=\"svg-white-bg\" d=\"M737.9,94.7L0,0v100h1000V0L737.9,94.7z\"><\/path><\/div><div  class=\"gridContainer\"><div  class=\"row\"><div  class=\"col-xs-12 col-sm-12\"><pre ><span  style=\"font-size: medium;\">Die hier aufgef\u00fchrten Kurse bieten einen grossen Mehrwert f\u00fcr Radiomachende. Die Kurse sind f\u00fcr Mitglieder von Radio Summernight Kostenlos. Die Kurse sind <strong >sans frais<\/strong> Condition requise pour avoir sa propre \u00e9mission sur Radio Summernight.<\/span><\/pre>&nbsp;<\/div><\/div><\/div><\/div><div  data-label=\"Overlappable\" data-id=\"overlappable--5\" data-export-id=\"overlappable-3\" data-category=\"overlappable\" class=\"overlappable-3 content-section content-section-spacing\" data-overlap=\"true\" id=\"overlappable-5\" style=\"background-color: rgb(255, 255, 255);\"><div  class=\"gridContainer\"> <div  class=\"row bg-color-white shadow-medium\"><div  class=\"col-xs-12 col-sm-6 image-col first-image-col\" data-bg=\"image\" style=\"background-image: url(&quot;https:\/\/radiosummernight.ch\/upload\/2025\/10\/csm_IMG_5108_2024_10_25_13_33_34_c013990227.jpg&quot;);\"><\/div> <div  class=\"col-xs-12 col-sm-6 content-col col-padding col-padding-xs\"> <div  class=\"col-padding\" data-type=\"column\"> <h4  class=\"\">Jours de projet pour les classes scolaires<\/h4> <p  class=\"\">Produzieren von Liveinhalten und das Ver\u00f6ffentlichen der Radiobeitr\u00e4ge ist ein Ansporn f\u00fcr Sch\u00fclerinnen und Sch\u00fcler und animiert dazu, sich mit neuen Themen auseinander zu setzen und diese wiederzugeben. Mit der Projektwoche zeigen wir auf, dass die Medien und die technischen Ger\u00e4te nicht nur dem Zeitvertreib dienen, sondern auch als Arbeitsmittel oder Hilfsmittel zum Einsatz kommen. W\u00e4hrend der Projektwoche setzen sich die Sch\u00fclerinnen und Sch\u00fcler intensiv mit den Neuen Medien auseinander und lernen so einen sorgsamen Umgang. Durch die Recherche und die begleitete Auseinandersetzung mit den Themen werden den Teilnehmern die Chancen und Gefahren der Neuen Medien aufgezeigt.<\/p> <a  class=\"button color1\" href=\"https:\/\/radiosummernight.ch\/fr\/schulen\/\" target=\"_self\" data-cp-link=\"1\" data-icon=\"\">En savoir plus sur l'offre<\/a><\/div> <\/div><\/div> <div  class=\"row bg-color-white shadow-medium\"><div  class=\"col-xs-12 col-sm-6 content-col col-padding col-padding-xs\"> <div  class=\"col-padding\" data-type=\"column\"><h4  class=\"\">Ferienpass<\/h4> <p  class=\"\">Erlebe Radio! Zusammen mit den anderen Teilnehmenden wirst du eine Radiosendung vorbereiten und diese am Nachmittag live ausstrahlen.<br >\nW\u00e4hrend einem Tag lernst du die Grundlagen in Radio und Journalismus. Du lernst beispielsweise, wie das Radio aufgebaut ist und wie die Musik vom Studio ins Wohnzimmer kommt. W\u00e4hrend des Kurses planst du eine Radiosendung, welche dann live ausgestrahlt wird. Du wirst mit uns zusammen Newsbeitr\u00e4ge schreiben, Interviews f\u00fchren und Berichte ver\u00f6ffentlichen. W\u00e4hrend des unvergesslichen Tages siehst du die ganze Vielfalt des Radiojournalismus.<br >\nDu bist Organisator:in von einem Ferienpass? Melde dich hier um auch mit uns einen Workshop zu machen<\/p> <a  class=\"button color1\" href=\"https:\/\/radiosummernight.ch\/fr\/ferienpass\/\" target=\"_self\" data-cp-link=\"1\" data-icon=\"\">Zum Ferienpass<\/a><\/div> <\/div> <div  class=\"col-xs-12 col-sm-6 image-col second-image-col first-xs last-sm\" data-bg=\"image\" style=\"background-image: url(&quot;https:\/\/radiosummernight.ch\/upload\/cropped-IMG_5427-scaled-1.jpg&quot;);\"><\/div> <\/div><\/div> <\/div><div  data-label=\"Overlappable\" data-id=\"overlappable--2\" data-export-id=\"overlappable-3\" data-category=\"overlappable\" class=\"overlappable-3 content-section content-section-spacing\" data-overlap=\"true\" id=\"overlappable-2\" style=\"background-color: #ffffff;\"><div  class=\"gridContainer\"><div  class=\"row bg-color-white shadow-medium\"><div  class=\"col-xs-12 col-sm-6 image-col first-image-col wp-dark-mode-ignore\" data-bg=\"image\" style=\"background-image: url('https:\/\/radiosummernight.ch\/upload\/2023\/01\/F852E38C-EDCA-4F01-B297-DD612AA52772.jpeg');\"><\/div><div  class=\"col-xs-12 col-sm-6 content-col col-padding col-padding-xs\"><div  class=\"col-padding\" data-type=\"column\"><h4  class=\"\">Weekend radio<\/h4><p  class=\"\">Dieser Kurs ist f\u00fcr Kinder und Jugendliche, welche gerne erste Eindr\u00fccke im Radio sammeln m\u00f6chten. W\u00e4hrend einem Wochenende lernen die Teilnehmenden die Grundlagen in Radio und Journalismus.<\/p><p  class=\"\"><span  style=\"font-weight: 600;\">Frais de cours<span  style=\"font-weight: 300;\"><br >CHF 0 pour les membres de Radio Summernight\n<br >CHF 100 inkl. Verpflegung (f\u00fcr beide Tage) f\u00fcr nicht Mitglieder (jetzt Mitglied werden)<\/span><\/span><\/p><a  class=\"button small color1\" href=\"https:\/\/radiosummernight.ch\/fr\/radioweek\/\" target=\"_self\" data-cp-link=\"1\" data-icon=\"\" rel=\"noopener\">En savoir plus et s'inscrire<\/a><\/div><\/div><\/div><div  class=\"row bg-color-white shadow-medium\"><div  class=\"col-xs-12 col-sm-6 content-col col-padding col-padding-xs\"><div  class=\"col-padding\" data-type=\"column\"><h4  class=\"\">Le cours d'introduction pour les d\u00e9butants en radio<\/h4><p  class=\"\">Der Grundkurs wendet sich an Radioeinsteigerinnen und&nbsp; Radioeinsteiger. Er vermittelt dir das n\u00f6tigste Grundwissen zu Arbeitsabl\u00e4ufen in einem Radiostudio und zur Studiotechnik. Zudem lernst du die Grundlagen f\u00fcr Moderation, Interview und Sendungsgestaltung. Der sehr praxisorientierte Kurs bietet Gelegenheit, die Theorie sofort auszuprobieren: An rund zwei Abenden hast du die M\u00f6glichkeit allein oder im Team eine kurze Sendung zu produzieren, die danach im Radio ausgestrahlt wird.<\/p><p  class=\"\"><span  style=\"font-weight: 600;\">Kurstag 2026\n<\/span>Nous organisons plusieurs fois par mois un cours d'introduction, g\u00e9n\u00e9ralement en soir\u00e9e ou le week-end. Si tu es int\u00e9ress\u00e9(e), tu peux te renseigner aupr\u00e8s de nous en utilisant le bouton.<\/p><p  class=\"\"><span  style=\"font-weight: 600;\">Frais de cours\n\n<\/span>CHF 0 pour les membres de Radio Summernight\n<br >CHF 260 pour les non-membres <a  href=\"https:\/\/radiosummernight.ch\/fr\/hobby\/\" target=\"_self\" data-cp-link=\"1\" rel=\"noopener\">(devenir membre maintenant)<\/a><\/p><a  class=\"button small color1\" href=\"https:\/\/radiosummernight.ch\/fr\/radiokurse\/anmelden\/\" target=\"lightbox\" data-cp-link=\"1\" data-icon=\"\" rel=\"noopener\">Demande de jours de cours<\/a><\/div><\/div><div  class=\"col-xs-12 col-sm-6 image-col second-image-col first-xs last-sm wp-dark-mode-ignore\" data-bg=\"image\" style=\"background-image: url('https:\/\/radiosummernight.ch\/upload\/2023\/01\/B6262080-863C-499F-B9AD-539F4947A7B6.jpeg');\"><\/div><\/div><\/div><\/div><div  data-label=\"Overlappable\" data-id=\"overlappable--1\" data-export-id=\"overlappable-3\" data-category=\"overlappable\" class=\"overlappable-3 content-section content-section-spacing\" data-overlap=\"true\" id=\"overlappable-1\" style=\"background-color: #ffffff;\"><div  class=\"gridContainer\"><div  class=\"row bg-color-white shadow-medium\"><div  class=\"col-xs-12 col-sm-6 image-col first-image-col wp-dark-mode-ignore\" data-bg=\"image\" style=\"background-image: url('https:\/\/radiosummernight.ch\/upload\/2023\/01\/EC24FFC4-DE32-49EA-A9FE-47DD7FC99E63.jpeg');\"><\/div><div  class=\"col-xs-12 col-sm-6 content-col col-padding col-padding-xs\"><div  class=\"col-padding\" data-type=\"column\"><h4  class=\"\">Le cours de perfectionnement pour la technique<\/h4><p  class=\"\">Lors de ce jour de cours, les comp\u00e9tences techniques dans le studio de diffusion sont approfondies en s'appuyant sur les exp\u00e9riences des participants. Les questions ouvertes sont clarifi\u00e9es et les techniques de travail sont affin\u00e9es. Les th\u00e8mes du cours sont adapt\u00e9s aux besoins des participants et \u00e0 l'\u00e9quipement du studio. Parmi les options figurent, entre autres, une connaissance approfondie du logiciel de diffusion, les interviews t\u00e9l\u00e9phoniques, l'interaction entre l'animation et la musique, la technique de conduite et l'am\u00e9lioration du flux du programme.<\/p><p  class=\"\"><span  style=\"font-weight: 600;\">Kurstage 2026\n<\/span><span  style=\"font-weight: 300;\">Nous organisons chaque mois un cours de perfectionnement technique, g\u00e9n\u00e9ralement le soir ou le week-end. Si tu es int\u00e9ress\u00e9(e), tu peux nous contacter en cliquant sur le bouton.<\/span><\/p><p  class=\"\"><span  style=\"font-weight: 600;\">Frais de cours\n\n<\/span>CHF 0 pour les membres de Radio Summernight \n<br >CHF 140 pour les non-membres <a  href=\"https:\/\/radiosummernight.ch\/fr\/hobby\/\" target=\"_self\" data-cp-link=\"1\" rel=\"noopener\">(devenir membre maintenant)<\/a><\/p><a  class=\"button small color1\" href=\"https:\/\/radiosummernight.ch\/fr\/radiokurse\/anmelden\/\" target=\"lightbox\" data-cp-link=\"1\" data-icon=\"\" rel=\"noopener\">Demande de jours de cours<\/a><\/div><\/div><\/div><div  class=\"row bg-color-white shadow-medium\"><div  class=\"col-xs-12 col-sm-6 content-col col-padding col-padding-xs\"><div  class=\"col-padding\" data-type=\"column\"><h4  class=\"\">Jingle \/ Bande-annonce<\/h4><p  class=\"\">Les jingles comme marque de fabrique de votre \u00e9mission et les bandes-annonces comme indications sur les moments forts \u2013 un incontournable ! Une d\u00e9claration cibl\u00e9e, un rythme appropri\u00e9 et ce petit quelque chose sont essentiels. La production d'un jingle ou d'une bande-annonce permet \u00e9galement d'affiner la ma\u00eetrise du logiciel de montage. Selon le lieu du cours, on utilise le logiciel de montage de la radio respective ou un logiciel de montage personnel (par exemple, Audacity ou Garageband) sur son propre ordinateur portable.<\/p><p  class=\"\">Objectif : Les participants produisent leur propre jingle ou bande-annonce \u2013 de l'enregistrement des sons \u00e0 leur traitement jusqu'au produit final.<\/p><p  class=\"\"><span  style=\"font-weight: 600;\">Kurstage 2026\n<\/span>Momentan ist ein Jingle- und Trailerproduktionskurs in Planung f\u00fcr den Sommer 2026. Bei Interesse kannst du dich \u00fcber den Button bei uns Melden.<\/p><p  class=\"\"><span  style=\"font-weight: 600;\">Frais de cours\n\n<\/span>CHF 0 pour les membres de Radio Summernight \n<br >CHF 90 pour les non-membres <a  href=\"https:\/\/radiosummernight.ch\/fr\/hobby\/\" target=\"_self\" data-cp-link=\"1\" rel=\"noopener\">(devenir membre maintenant)<\/a><\/p><a  class=\"button small color1\" href=\"https:\/\/radiosummernight.ch\/fr\/radiokurse\/anmelden\/\" target=\"lightbox\" data-cp-link=\"1\" data-icon=\"\" rel=\"noopener\">Demande de jours de cours<\/a><\/div><\/div><div  class=\"col-xs-12 col-sm-6 image-col second-image-col first-xs last-sm wp-dark-mode-ignore\" data-bg=\"image\" style=\"background-image: url('https:\/\/radiosummernight.ch\/upload\/2020\/11\/cropped-cropped-21-05-16-12-33-48-1822-scaled-3.jpg');\"><\/div><\/div><\/div><\/div><div  data-label=\"Overlappable\" data-id=\"overlappable--3\" data-export-id=\"overlappable-3\" data-category=\"overlappable\" class=\"overlappable-3 content-section content-section-spacing\" data-overlap=\"true\" id=\"overlappable-3\" style=\"background-color: #ffffff;\"><div  class=\"gridContainer\"><div  class=\"row bg-color-white shadow-medium\"><div  class=\"col-xs-12 col-sm-6 image-col first-image-col wp-dark-mode-ignore\" data-bg=\"image\" style=\"background-image: url('https:\/\/radiosummernight.ch\/upload\/2021\/06\/cropped-Radio-Kurs-1.jpeg');\"><\/div><div  class=\"col-xs-12 col-sm-6 content-col col-padding col-padding-xs\"><div  class=\"col-padding\" data-type=\"column\"><h4  class=\"\">Module de recherche<\/h4><p  class=\"\">Le module Recherche transmet et approfondit les bases de la recherche d'\u00e9missions et de reportages radiophoniques : de l'\u00e9criture de ses propres textes et de la r\u00e9\u00e9criture de textes d'autrui aux formes classiques de conversation en direct dans l'animation, en passant par la technique de conduite et l'utilisation d'\u00e9l\u00e9ments de mise en forme. Les participants acqui\u00e8rent des connaissances approfondies dans les activit\u00e9s quotidiennes de la r\u00e9daction. Ils s'exercent \u00e0 pr\u00e9parer leurs \u00e9missions de mani\u00e8re ad\u00e9quate et posent les bases de leur profil personnel d'animateur. Ils acqui\u00e8rent des connaissances de base et une attitude r\u00e9fl\u00e9chie dans l'utilisation des m\u00e9dias sociaux, qui sont utilis\u00e9s pour la commercialisation de leur \u00e9mission.<\/p><p  class=\"\"><span  style=\"font-weight: 600;\">Kurstag 2026\n<\/span>Momentan ist ein Modul Redaktion Kurs f\u00fcr den Sommer 2026 in Planung. Bei Interesse kannst du dich \u00fcber den Button bei uns Melden.<\/p><p  class=\"\"><span  style=\"font-weight: 600;\">Frais de cours\n\n<\/span>CHF 0 pour les membres de Radio Summernight \n<br >CHF 360 pour les non-membres <a  href=\"https:\/\/radiosummernight.ch\/fr\/hobby\/\" target=\"_self\" data-cp-link=\"1\" rel=\"noopener\">(devenir membre maintenant)<\/a><\/p><a  class=\"button small color1\" href=\"https:\/\/radiosummernight.ch\/fr\/radiokurse\/anmelden\/\" target=\"lightbox\" data-cp-link=\"1\" data-icon=\"\" rel=\"noopener\">Demande de jours de cours<\/a><\/div><\/div><\/div><div  class=\"row bg-color-white shadow-medium\"><div  class=\"col-xs-12 col-sm-6 content-col col-padding col-padding-xs\"><div  class=\"col-padding\" data-type=\"column\"><h4  class=\"\">Module podcast<\/h4><p  class=\"\">Dans le module podcast, tu apprendras les bases de la production d'un podcast professionnel, comment \u00e9diter et publier ton podcast, ainsi que les aspects de la commercialisation de celui-ci.<\/p><p  class=\"\"><span  style=\"font-weight: 600;\">Kurstag 2026<br ><span  style=\"font-weight: 300;\">Wir sind in der Planung einer durchf\u00fchrung des Moduls Podcast im Fr\u00fchjahr 2026, bei Interesse Melde dich \u00fcber den Button unten bei uns.<\/span><\/span><\/p><p  class=\"\"><span  style=\"font-weight: 600;\">Frais de cours\n<\/span>CHF 0 pour les membres de Radio Summernight \n<br >CHF 160 pour les non-membres <a  href=\"https:\/\/radiosummernight.ch\/fr\/hobby\/\" target=\"_self\" data-cp-link=\"1\" rel=\"noopener\">(devenir membre maintenant)<\/a><\/p><a  class=\"button small color1\" href=\"https:\/\/radiosummernight.ch\/fr\/radiokurse\/anmelden\/\" target=\"lightbox\" data-cp-link=\"1\" data-icon=\"\" rel=\"noopener\">Demande de jours de cours<\/a><\/div><\/div><div  class=\"col-xs-12 col-sm-6 image-col second-image-col first-xs last-sm wp-dark-mode-ignore\" data-bg=\"image\" style=\"background-image: url('https:\/\/radiosummernight.ch\/upload\/2023\/01\/DSC02576-scaled.jpg');\"><\/div><\/div><\/div><\/div><div  data-label=\"Cta\" data-id=\"cta--1\" data-export-id=\"cta-centered-bg-section\" data-category=\"cta\" data-section-ov=\"1\" class=\"cta-centered-bg-section content-section content-section-spacing-medium white-text wp-dark-mode-ignore\" data-parallax-depth=\"20\" id=\"cta-1\" style=\"background-color: #f5fafd; background-image: url('https:\/\/radiosummernight.ch\/upload\/2023\/01\/Design-ohne-Titel-31.png'); background-size: cover; background-position: center top;\"><div  class=\"gridContainer wp-dark-mode-ignore\"><div  class=\"row text-center wp-dark-mode-ignore\"><div  data-type=\"column\" class=\"wp-dark-mode-ignore\"><h2  class=\"wp-dark-mode-ignore\">Tu aimes la radio ?&nbsp;<span  class=\"font-300 wp-dark-mode-ignore\">Nous aussi, rejoins l'\u00e9quipe !<\/span><\/h2><a  class=\"button wp-dark-mode-ignore color1\" href=\"https:\/\/radiosummernight.ch\/fr\/hobby\/\" target=\"_self\" data-cp-link=\"1\" data-icon=\"\" rel=\"noopener\">En savoir plus \u00e0 ce sujet.<\/a><\/div><\/div><\/div><\/div>","protected":false},"excerpt":{"rendered":"<p>Die hier aufgef\u00fchrten Kurse bieten einen grossen Mehrwert f\u00fcr Radiomachende. Die Kurse sind f\u00fcr Mitglieder von Radio Summernight Kostenlos. Die Kurse sind keine Voraussetzung f\u00fcr eine eigene Sendung bei Radio Summernight.&nbsp; Projekttage f\u00fcr Schulklassen Produzieren von Liveinhalten und das Ver\u00f6ffentlichen der Radiobeitr\u00e4ge ist ein Ansporn f\u00fcr Sch\u00fclerinnen und Sch\u00fcler und animiert dazu, sich mit neuen&hellip; <br \/> <a class=\"read-more\" href=\"https:\/\/radiosummernight.ch\/fr\/radiokurse\/\">Read more<\/a><\/p>","protected":false},"author":1,"featured_media":0,"parent":0,"menu_order":0,"comment_status":"closed","ping_status":"closed","template":"pro\/page-templates\/full-width-page.php","meta":{"episode_type":"","audio_file":"","podmotor_file_id":"","podmotor_episode_id":"","cover_image":"","cover_image_id":"","duration":"","filesize":"","filesize_raw":"","date_recorded":"","explicit":"","block":"","itunes_episode_number":"","itunes_title":"","itunes_season_number":"","itunes_episode_type":"","footnotes":""},"class_list":["post-1252","page","type-page","status-publish","hentry"],"_links":{"self":[{"href":"https:\/\/radiosummernight.ch\/fr\/wp-json\/wp\/v2\/pages\/1252","targetHints":{"allow":["GET"]}}],"collection":[{"href":"https:\/\/radiosummernight.ch\/fr\/wp-json\/wp\/v2\/pages"}],"about":[{"href":"https:\/\/radiosummernight.ch\/fr\/wp-json\/wp\/v2\/types\/page"}],"author":[{"embeddable":true,"href":"https:\/\/radiosummernight.ch\/fr\/wp-json\/wp\/v2\/users\/1"}],"replies":[{"embeddable":true,"href":"https:\/\/radiosummernight.ch\/fr\/wp-json\/wp\/v2\/comments?post=1252"}],"version-history":[{"count":3,"href":"https:\/\/radiosummernight.ch\/fr\/wp-json\/wp\/v2\/pages\/1252\/revisions"}],"predecessor-version":[{"id":27017,"href":"https:\/\/radiosummernight.ch\/fr\/wp-json\/wp\/v2\/pages\/1252\/revisions\/27017"}],"wp:attachment":[{"href":"https:\/\/radiosummernight.ch\/fr\/wp-json\/wp\/v2\/media?parent=1252"}],"curies":[{"name":"wp","href":"https:\/\/api.w.org\/{rel}","templated":true}]}}