{"id":28404,"date":"2026-04-25T09:12:39","date_gmt":"2026-04-25T07:12:39","guid":{"rendered":"https:\/\/radiosummernight.ch\/ssp-podcast-archive\/"},"modified":"2026-04-25T09:12:39","modified_gmt":"2026-04-25T07:12:39","slug":"ssp-podcast-archive","status":"publish","type":"page","link":"https:\/\/radiosummernight.ch\/fr\/ssp-podcast-archive\/","title":{"rendered":"Episode List"},"content":{"rendered":"<style>\n\t\t.ssp-el-1 {\n\t\t\t--ssp-episode-list-title-size: 24px;\n\t\t\t--ssp-episode-list-cols: 1;\n\t\t\t\t\t\t\t\t\t\t\t\t\t\t\t\t\t\t\t\t\t\t\t\t\t\t}\n\t<\/style>\n\t<div class=\"ssp-podcast-list ssp-el-1\">\n\t\t<div class=\"ssp-podcast-list__articles\">\n\t\t\t\t\t<article class=\"podcast-28222 podcast type-podcast\">\n\t\t\t\t\t\t\t\t<h3 class=\"ssp-episode-title\">\n\t\t\t\t\t<a class=\"entry-title-link\" rel=\"bookmark\" href=\"https:\/\/radiosummernight.ch\/fr\/folge-9-unser-zuhause-auf-see-die-norwegian-spirit-im-alltag\/\">\n\t\t\t\t\t\tFolge 9: Unser Zuhause auf See \u2013 Die Norwegian Spirit im Alltag\t\t\t\t\t<\/a>\n\t\t\t\t<\/h3>\n\t\t\t\t\t\t\t\t<div class=\"podcast-content\">\n\t\t\t\t\t\t\t\t\t\t\t\t\t\t\t\t\t\t\t\t\t<p><audio class=\"wp-audio-shortcode\" id=\"audio-28222-1\" preload=\"none\" style=\"width: 100%;\" controls=\"controls\"><source type=\"audio\/mpeg\" src=\"https:\/\/radiosummernight.ch\/podcast-player\/28222\/folge-9-unser-zuhause-auf-see-die-norwegian-spirit-im-alltag.mp3?_=1\" \/><a href=\"https:\/\/radiosummernight.ch\/fr\/podcast-player\/28222\/folge-9-unser-zuhause-auf-see-die-norwegian-spirit-im-alltag.mp3\/\">https:\/\/radiosummernight.ch\/podcast-player\/28222\/folge-9-unser-zuhause-auf-see-die-norwegian-spirit-im-alltag.mp3<\/a><\/audio><\/p>\n\t\t\t\t\t\t\t\t\t\t\t\t\t\t\t\t<p class=\"ssp-episode-list-content\">&nbsp; Wie lebt es sich eigentlich mehrere Wochen auf einem Kreuzfahrtschiff? In dieser Folge von Wellengang \u2013 Der Kreuzfahrtpodcast nehmen dich Gian-Luca und Christian mit auf die Norwegian Spirit \u2013 ihr tempor\u00e4res Zuhause w\u00e4hrend der Weltreise. Nach dem Start in Tokio r\u00fcckt diesmal nicht ein Reiseziel in den Fokus, sondern das Schiff selbst: Wie gross&hellip; <br> <a class=\"read-more\" href=\"https:\/\/radiosummernight.ch\/fr\/folge-9-unser-zuhause-auf-see-die-norwegian-spirit-im-alltag\/\">Read more<\/a><\/p>\n\t\t\t\t\t\t\t\t\t\t\t\t\t\t<\/div>\n\t\t\t<\/article>\n\t\t\t\t\t\t\t\t<article class=\"podcast-28373 podcast type-podcast\">\n\t\t\t\t\t\t\t\t<h3 class=\"ssp-episode-title\">\n\t\t\t\t\t<a class=\"entry-title-link\" rel=\"bookmark\" href=\"https:\/\/radiosummernight.ch\/fr\/902-schweizer-sensationsmeister\/\">\n\t\t\t\t\t\t90+2 Schweizer Sensationsmeister?\t\t\t\t\t<\/a>\n\t\t\t\t<\/h3>\n\t\t\t\t\t\t\t\t<div class=\"podcast-content\">\n\t\t\t\t\t\t\t\t\t\t\t\t\t\t\t\t\t\t\t\t\t<p><audio class=\"wp-audio-shortcode\" id=\"audio-28373-2\" preload=\"none\" style=\"width: 100%;\" controls=\"controls\"><source type=\"audio\/mpeg\" src=\"https:\/\/radiosummernight.ch\/podcast-player\/28373\/902-schweizer-sensationsmeister.mp3?_=2\" \/><a href=\"https:\/\/radiosummernight.ch\/fr\/podcast-player\/28373\/902-schweizer-sensationsmeister.mp3\/\">https:\/\/radiosummernight.ch\/podcast-player\/28373\/902-schweizer-sensationsmeister.mp3<\/a><\/audio><\/p>\n\t\t\t\t\t\t\t\t\t\t\t\t\t\t\t\t<p class=\"ssp-episode-list-content\">In dieser Folge tauchen wir tief in die aktuell wohl spannendste Phase des Schweizer Fussballs ein. Alles richtet sich auf den sensationellen H\u00f6henflug des FC Thun, der kurz davor steht, Geschichte zu schreiben und seine erste Meisterschaft \u00fcberhaupt zu feiern. Wie konnte es so weit kommen? Welche Faktoren stehen hinter diesem m\u00e4rchenhaften Erfolg \u2013 und&hellip; <br> <a class=\"read-more\" href=\"https:\/\/radiosummernight.ch\/fr\/902-schweizer-sensationsmeister\/\">Read more<\/a><\/p>\n\t\t\t\t\t\t\t\t\t\t\t\t\t\t<\/div>\n\t\t\t<\/article>\n\t\t\t\t\t\t\t\t<article class=\"podcast-28300 podcast type-podcast\">\n\t\t\t\t\t\t\t\t<h3 class=\"ssp-episode-title\">\n\t\t\t\t\t<a class=\"entry-title-link\" rel=\"bookmark\" href=\"https:\/\/radiosummernight.ch\/fr\/podcast\/ki-battals-s1-e2\/\">\n\t\t\t\t\t\tKI-Battals S1 E2\t\t\t\t\t<\/a>\n\t\t\t\t<\/h3>\n\t\t\t\t\t\t\t\t<div class=\"podcast-content\">\n\t\t\t\t\t\t\t\t\t\t\t\t\t\t\t\t\t\t\t\t\t<p><audio class=\"wp-audio-shortcode\" id=\"audio-28300-3\" preload=\"none\" style=\"width: 100%;\" controls=\"controls\"><source type=\"audio\/mpeg\" src=\"https:\/\/radiosummernight.ch\/podcast-player\/28300\/ki-battals-s1-e2.mp3?_=3\" \/><a href=\"https:\/\/radiosummernight.ch\/fr\/podcast-player\/28300\/ki-battals-s1-e2.mp3\/\">https:\/\/radiosummernight.ch\/podcast-player\/28300\/ki-battals-s1-e2.mp3<\/a><\/audio><\/p>\n\t\t\t\t\t\t\t\t\t\t\t\t\t\t\t\t<p class=\"ssp-episode-list-content\">KI-Battals Episode 2 Wie w\u00fcrden die 3 Tops KI GPT,Gimini und Euphoria in einem Schul-Test schummeln wie schneitet sie nach den Kriterien von Onic Ato und Pavo ? H\u00f6rt hinein in der neuen spannende folge von KI-Battals. Wer gewinnt diese spannende Battals<\/p>\n\t\t\t\t\t\t\t\t\t\t\t\t\t\t<\/div>\n\t\t\t<\/article>\n\t\t\t\t\t\t\t\t<article class=\"podcast-28295 podcast type-podcast\">\n\t\t\t\t\t\t\t\t<h3 class=\"ssp-episode-title\">\n\t\t\t\t\t<a class=\"entry-title-link\" rel=\"bookmark\" href=\"https:\/\/radiosummernight.ch\/fr\/podcast\/schrottcast-folge-2\/\">\n\t\t\t\t\t\tSchrottcast-Folge 2\t\t\t\t\t<\/a>\n\t\t\t\t<\/h3>\n\t\t\t\t\t\t\t\t<div class=\"podcast-content\">\n\t\t\t\t\t\t\t\t\t\t\t\t\t\t\t\t\t\t\t\t\t<p><audio class=\"wp-audio-shortcode\" id=\"audio-28295-4\" preload=\"none\" style=\"width: 100%;\" controls=\"controls\"><source type=\"audio\/mpeg\" src=\"https:\/\/radiosummernight.ch\/podcast-player\/28295\/schrottcast-folge-2.mp3?_=4\" \/><a href=\"https:\/\/radiosummernight.ch\/fr\/podcast-player\/28295\/schrottcast-folge-2.mp3\/\">https:\/\/radiosummernight.ch\/podcast-player\/28295\/schrottcast-folge-2.mp3<\/a><\/audio><\/p>\n\t\t\t\t\t\t\t\t\t\t\t\t\t\t\t\t<p class=\"ssp-episode-list-content\">Hallo zusammen dies ist die zweite Folge der Schrottcast. Wie Manuel der Schweiz den R\u00fccken zugedreht hat h\u00f6rt ihr jetzt viel spass;)<\/p>\n\t\t\t\t\t\t\t\t\t\t\t\t\t\t<\/div>\n\t\t\t<\/article>\n\t\t\t\t\t\t\t\t<article class=\"podcast-28292 podcast type-podcast\">\n\t\t\t\t\t\t\t\t<h3 class=\"ssp-episode-title\">\n\t\t\t\t\t<a class=\"entry-title-link\" rel=\"bookmark\" href=\"https:\/\/radiosummernight.ch\/fr\/podcast\/ki-battals-s1-e1\/\">\n\t\t\t\t\t\tKI-Battals S1 E1\t\t\t\t\t<\/a>\n\t\t\t\t<\/h3>\n\t\t\t\t\t\t\t\t<div class=\"podcast-content\">\n\t\t\t\t\t\t\t\t\t\t\t\t\t\t\t\t\t\t\t\t\t<p><audio class=\"wp-audio-shortcode\" id=\"audio-28292-5\" preload=\"none\" style=\"width: 100%;\" controls=\"controls\"><source type=\"audio\/mpeg\" src=\"https:\/\/radiosummernight.ch\/podcast-player\/28292\/ki-battals-s1-e1.mp3?_=5\" \/><a href=\"https:\/\/radiosummernight.ch\/fr\/podcast-player\/28292\/ki-battals-s1-e1.mp3\/\">https:\/\/radiosummernight.ch\/podcast-player\/28292\/ki-battals-s1-e1.mp3<\/a><\/audio><\/p>\n\t\t\t\t\t\t\t\t\t\t\t\t\t\t\t\t<p class=\"ssp-episode-list-content\">Jeder h\u00f6rt Witze und auch jeder hat schon mal KI benutzt. Aber was passiert wen KI Witzen macht die 3 gr\u00f6ssten KI\u00a0 GPT,Gemini und Euphuria ? Wer schl\u00e4gt wer und welche KI kann am besten Witze verz\u00e4hlen ? H\u00f6rt die neue Folge des KI-Battals mit Oicn Ato und Pavo. Spass vorprogrammiert.<\/p>\n\t\t\t\t\t\t\t\t\t\t\t\t\t\t<\/div>\n\t\t\t<\/article>\n\t\t\t\t\t\t\t\t<article class=\"podcast-28291 podcast type-podcast\">\n\t\t\t\t\t\t\t\t<h3 class=\"ssp-episode-title\">\n\t\t\t\t\t<a class=\"entry-title-link\" rel=\"bookmark\" href=\"https:\/\/radiosummernight.ch\/fr\/podcast\/schrottcast-folge-1\/\">\n\t\t\t\t\t\tSchrottcast-Folge 1\t\t\t\t\t<\/a>\n\t\t\t\t<\/h3>\n\t\t\t\t\t\t\t\t<div class=\"podcast-content\">\n\t\t\t\t\t\t\t\t\t\t\t\t\t\t\t\t\t\t\t\t\t<p><audio class=\"wp-audio-shortcode\" id=\"audio-28291-6\" preload=\"none\" style=\"width: 100%;\" controls=\"controls\"><source type=\"audio\/mpeg\" src=\"https:\/\/radiosummernight.ch\/podcast-player\/28291\/schrottcast-folge-1.mp3?_=6\" \/><a href=\"https:\/\/radiosummernight.ch\/fr\/podcast-player\/28291\/schrottcast-folge-1.mp3\/\">https:\/\/radiosummernight.ch\/podcast-player\/28291\/schrottcast-folge-1.mp3<\/a><\/audio><\/p>\n\t\t\t\t\t\t\t\t\t\t\t\t\t\t\t\t<p class=\"ssp-episode-list-content\">Hallo zusammen wir sind Maxim und Manuel die Ersteller dieses Podcast. Hier reden wir was in unserm leben so abgeht h\u00f6rt doch einfach selbst;)<\/p>\n\t\t\t\t\t\t\t\t\t\t\t\t\t\t<\/div>\n\t\t\t<\/article>\n\t\t\t\t\t\t\t\t<article class=\"podcast-28290 podcast type-podcast\">\n\t\t\t\t\t\t\t\t<h3 class=\"ssp-episode-title\">\n\t\t\t\t\t<a class=\"entry-title-link\" rel=\"bookmark\" href=\"https:\/\/radiosummernight.ch\/fr\/podcast\/saechsilueuete-podcast\/\">\n\t\t\t\t\t\tS\u00e4chsil\u00fc\u00fcte Podcast\t\t\t\t\t<\/a>\n\t\t\t\t<\/h3>\n\t\t\t\t\t\t\t\t<div class=\"podcast-content\">\n\t\t\t\t\t\t\t\t\t\t\t\t\t\t\t\t\t\t\t\t\t<p><audio class=\"wp-audio-shortcode\" id=\"audio-28290-7\" preload=\"none\" style=\"width: 100%;\" controls=\"controls\"><source type=\"audio\/mpeg\" src=\"https:\/\/radiosummernight.ch\/podcast-player\/28290\/saechsilueuete-podcast.mp3?_=7\" \/><a href=\"https:\/\/radiosummernight.ch\/fr\/podcast-player\/28290\/saechsilueuete-podcast.mp3\/\">https:\/\/radiosummernight.ch\/podcast-player\/28290\/saechsilueuete-podcast.mp3<\/a><\/audio><\/p>\n\t\t\t\t\t\t\t\t\t\t\t\t\t\t\t\t<p class=\"ssp-episode-list-content\">In unserem Podcast geht es um das Z\u00fcrcher Fr\u00fchlingsfest. Wir erkl\u00e4ren wie das Fest ablauft und alles drum herum. Ihr bekommt Einblicke in die Welt der Z\u00fcnfte. Euch erwartet ein Experte in diesem Gebiet. Viel Spass bei h\u00f6ren<\/p>\n\t\t\t\t\t\t\t\t\t\t\t\t\t\t<\/div>\n\t\t\t<\/article>\n\t\t\t\t\t\t\t\t<article class=\"podcast-28262 podcast type-podcast\">\n\t\t\t\t\t\t\t\t<h3 class=\"ssp-episode-title\">\n\t\t\t\t\t<a class=\"entry-title-link\" rel=\"bookmark\" href=\"https:\/\/radiosummernight.ch\/fr\/podcast\/die-letzten-stunden-der-dinosaurier\/\">\n\t\t\t\t\t\tDie letzten Stunden der Dinosaurier\t\t\t\t\t<\/a>\n\t\t\t\t<\/h3>\n\t\t\t\t\t\t\t\t<div class=\"podcast-content\">\n\t\t\t\t\t\t\t\t\t\t\t\t\t\t\t\t\t\t\t\t\t<p><audio class=\"wp-audio-shortcode\" id=\"audio-28262-8\" preload=\"none\" style=\"width: 100%;\" controls=\"controls\"><source type=\"audio\/mpeg\" src=\"https:\/\/radiosummernight.ch\/podcast-player\/28262\/die-letzten-stunden-der-dinosaurier.mp3?_=8\" \/><a href=\"https:\/\/radiosummernight.ch\/fr\/podcast-player\/28262\/die-letzten-stunden-der-dinosaurier.mp3\/\">https:\/\/radiosummernight.ch\/podcast-player\/28262\/die-letzten-stunden-der-dinosaurier.mp3<\/a><\/audio><\/p>\n\t\t\t\t\t\t\t\t\t\t\t\t\t\t\t\t<p class=\"ssp-episode-list-content\">In unserem Potcast geht es um den Untergang der Dinosaurier. Wir erz\u00e4hlen euch anhand einer Geschichte, wie die Dinosaurier fr\u00fcher gelebt haben und wie es zum Meteoriteneinschlag kam.<\/p>\n\t\t\t\t\t\t\t\t\t\t\t\t\t\t<\/div>\n\t\t\t<\/article>\n\t\t\t\t\t\t\t\t<article class=\"podcast-28260 podcast type-podcast\">\n\t\t\t\t\t\t\t\t<h3 class=\"ssp-episode-title\">\n\t\t\t\t\t<a class=\"entry-title-link\" rel=\"bookmark\" href=\"https:\/\/radiosummernight.ch\/fr\/podcast\/ayliva\/\">\n\t\t\t\t\t\tAYLIVA\t\t\t\t\t<\/a>\n\t\t\t\t<\/h3>\n\t\t\t\t\t\t\t\t<div class=\"podcast-content\">\n\t\t\t\t\t\t\t\t\t\t\t\t\t\t\t\t\t\t\t\t\t<p><audio class=\"wp-audio-shortcode\" id=\"audio-28260-9\" preload=\"none\" style=\"width: 100%;\" controls=\"controls\"><source type=\"audio\/mpeg\" src=\"https:\/\/radiosummernight.ch\/podcast-player\/28260\/ayliva.mp3?_=9\" \/><a href=\"https:\/\/radiosummernight.ch\/fr\/podcast-player\/28260\/ayliva.mp3\/\">https:\/\/radiosummernight.ch\/podcast-player\/28260\/ayliva.mp3<\/a><\/audio><\/p>\n\t\t\t\t\t\t\t\t\t\t\t\t\t\t\t\t<p class=\"ssp-episode-list-content\">In dieser Folge tauchen wir in die Welt von Ayliva ein. wir sprechen \u00fcber ihren Durchbruch und ihre Musik die Millionen ber\u00fchrt. Kommt mit und taucht mit uns in die Welt von Ayliva ein.<\/p>\n\t\t\t\t\t\t\t\t\t\t\t\t\t\t<\/div>\n\t\t\t<\/article>\n\t\t\t\t\t\t\t\t<article class=\"podcast-28257 podcast type-podcast\">\n\t\t\t\t\t\t\t\t<h3 class=\"ssp-episode-title\">\n\t\t\t\t\t<a class=\"entry-title-link\" rel=\"bookmark\" href=\"https:\/\/radiosummernight.ch\/fr\/podcast\/eishockey-podcast\/\">\n\t\t\t\t\t\tEishockey Podcast\t\t\t\t\t<\/a>\n\t\t\t\t<\/h3>\n\t\t\t\t\t\t\t\t<div class=\"podcast-content\">\n\t\t\t\t\t\t\t\t\t\t\t\t\t\t\t\t\t\t\t\t\t<p><audio class=\"wp-audio-shortcode\" id=\"audio-28257-10\" preload=\"none\" style=\"width: 100%;\" controls=\"controls\"><source type=\"audio\/mpeg\" src=\"https:\/\/radiosummernight.ch\/podcast-player\/28257\/eishockey-podcast.mp3?_=10\" \/><a href=\"https:\/\/radiosummernight.ch\/fr\/podcast-player\/28257\/eishockey-podcast.mp3\/\">https:\/\/radiosummernight.ch\/podcast-player\/28257\/eishockey-podcast.mp3<\/a><\/audio><\/p>\n\t\t\t\t\t\t\t\t\t\t\t\t\t\t\t\t<p class=\"ssp-episode-list-content\">Eishockey Podcast aus einem Ferienkurs aus dem Radiostudio Summernight. Mit den aktuellsten und wichtigsten News rund um die schweizer-Eishockeywelt. Mit der National Leauge, den Schweizern NHL Spieler und den Internationalen Veranstaltungen. Von Enyo und Kay aus dem Z\u00fcrcher Oberland<\/p>\n\t\t\t\t\t\t\t\t\t\t\t\t\t\t<\/div>\n\t\t\t<\/article>\n\t\t\t\t\t\t\t\t<article class=\"podcast-28256 podcast type-podcast\">\n\t\t\t\t\t\t\t\t<h3 class=\"ssp-episode-title\">\n\t\t\t\t\t<a class=\"entry-title-link\" rel=\"bookmark\" href=\"https:\/\/radiosummernight.ch\/fr\/podcast\/bedrohte-haeufige-und-beliebte-tiere\/\">\n\t\t\t\t\t\tBedrohte h\u00e4ufige und beliebte tiere\t\t\t\t\t<\/a>\n\t\t\t\t<\/h3>\n\t\t\t\t\t\t\t\t<div class=\"podcast-content\">\n\t\t\t\t\t\t\t\t\t\t\t\t\t\t\t\t\t\t\t\t\t<p><audio class=\"wp-audio-shortcode\" id=\"audio-28256-11\" preload=\"none\" style=\"width: 100%;\" controls=\"controls\"><source type=\"audio\/mpeg\" src=\"https:\/\/radiosummernight.ch\/podcast-player\/28256\/bedrohte-haeufige-und-beliebte-tiere.mp3?_=11\" \/><a href=\"https:\/\/radiosummernight.ch\/fr\/podcast-player\/28256\/bedrohte-haeufige-und-beliebte-tiere.mp3\/\">https:\/\/radiosummernight.ch\/podcast-player\/28256\/bedrohte-haeufige-und-beliebte-tiere.mp3<\/a><\/audio><\/p>\n\t\t\t\t\t\t\t\t\t\t\t\t\t\t\t\t<p class=\"ssp-episode-list-content\">Es geht um bedrohte,h\u00e4ufige und beliebte tiere und wie man sie sch\u00fctzt . tipps zum hlfen bederohte tiere sch\u00fctzen. Welche tiere gibtes viel und welche tiere sind selten.<\/p>\n\t\t\t\t\t\t\t\t\t\t\t\t\t\t<\/div>\n\t\t\t<\/article>\n\t\t\t\t\t\t\t\t<article class=\"podcast-28254 podcast type-podcast\">\n\t\t\t\t\t\t\t\t<h3 class=\"ssp-episode-title\">\n\t\t\t\t\t<a class=\"entry-title-link\" rel=\"bookmark\" href=\"https:\/\/radiosummernight.ch\/fr\/podcast\/botcast\/\">\n\t\t\t\t\t\tBotCast\t\t\t\t\t<\/a>\n\t\t\t\t<\/h3>\n\t\t\t\t\t\t\t\t<div class=\"podcast-content\">\n\t\t\t\t\t\t\t\t\t\t\t\t\t\t\t\t\t\t\t\t\t<p><audio class=\"wp-audio-shortcode\" id=\"audio-28254-12\" preload=\"none\" style=\"width: 100%;\" controls=\"controls\"><source type=\"audio\/mpeg\" src=\"https:\/\/radiosummernight.ch\/podcast-player\/28254\/botcast.mp3?_=12\" \/><a href=\"https:\/\/radiosummernight.ch\/fr\/podcast-player\/28254\/botcast.mp3\/\">https:\/\/radiosummernight.ch\/podcast-player\/28254\/botcast.mp3<\/a><\/audio><\/p>\n\t\t\t\t\t\t\t\t\t\t\t\t\t\t\t\t<p class=\"ssp-episode-list-content\">Nino und Colin testen mit 6 verschiedenen Kategorien 4 KI\u2019s. welche dieser Programme schl\u00e4gt am besten ab? Verzweifelt Chatgt beim bilderstellen? ist duckduckgo noch sicher? Kann microsoft copilot mit seinen Kolegen mithalten? Ein duell zwischen Klassikern. Das erfahrt ihr hier.<\/p>\n\t\t\t\t\t\t\t\t\t\t\t\t\t\t<\/div>\n\t\t\t<\/article>\n\t\t\t\t\t\t\t\t<article class=\"podcast-28252 podcast type-podcast\">\n\t\t\t\t\t\t\t\t<h3 class=\"ssp-episode-title\">\n\t\t\t\t\t<a class=\"entry-title-link\" rel=\"bookmark\" href=\"https:\/\/radiosummernight.ch\/fr\/podcast\/linkin-park-podcast\/\">\n\t\t\t\t\t\tLinkin Park Podcast\t\t\t\t\t<\/a>\n\t\t\t\t<\/h3>\n\t\t\t\t\t\t\t\t<div class=\"podcast-content\">\n\t\t\t\t\t\t\t\t\t\t\t\t\t\t\t\t\t\t\t\t\t<p><audio class=\"wp-audio-shortcode\" id=\"audio-28252-13\" preload=\"none\" style=\"width: 100%;\" controls=\"controls\"><source type=\"audio\/mpeg\" src=\"https:\/\/radiosummernight.ch\/podcast-player\/28252\/linkin-park-podcast.mp3?_=13\" \/><a href=\"https:\/\/radiosummernight.ch\/fr\/podcast-player\/28252\/linkin-park-podcast.mp3\/\">https:\/\/radiosummernight.ch\/podcast-player\/28252\/linkin-park-podcast.mp3<\/a><\/audio><\/p>\n\t\t\t\t\t\t\t\t\t\t\t\t\t\t\t\t<p class=\"ssp-episode-list-content\">In diesem Podcast geht es um den Lebenslauf der Mitglieder der Band Linkin Park und um die Entstehung der Band.Ebenfalls um die Album und die Topsongs. Es gibt einen spannenden Einblick in das Leben der Rockband.<\/p>\n\t\t\t\t\t\t\t\t\t\t\t\t\t\t<\/div>\n\t\t\t<\/article>\n\t\t\t\t\t\t\t\t<article class=\"podcast-28179 podcast type-podcast\">\n\t\t\t\t\t\t\t\t<h3 class=\"ssp-episode-title\">\n\t\t\t\t\t<a class=\"entry-title-link\" rel=\"bookmark\" href=\"https:\/\/radiosummernight.ch\/fr\/folge-8-weltreise-gestartet-von-zuerich-nach-tokio-und-aufs-kreuzfahrtschiff\/\">\n\t\t\t\t\t\tFolge 8: Weltreise gestartet \u2013 Von Z\u00fcrich nach Tokio und aufs Kreuzfahrtschiff\t\t\t\t\t<\/a>\n\t\t\t\t<\/h3>\n\t\t\t\t\t\t\t\t<div class=\"podcast-content\">\n\t\t\t\t\t\t\t\t\t\t\t\t\t\t\t\t\t\t\t\t\t<p><audio class=\"wp-audio-shortcode\" id=\"audio-28179-14\" preload=\"none\" style=\"width: 100%;\" controls=\"controls\"><source type=\"audio\/mpeg\" src=\"https:\/\/radiosummernight.ch\/podcast-player\/28179\/folge-8-weltreise-gestartet-von-zuerich-nach-tokio-und-aufs-kreuzfahrtschiff.mp3?_=14\" \/><a href=\"https:\/\/radiosummernight.ch\/fr\/podcast-player\/28179\/folge-8-weltreise-gestartet-von-zuerich-nach-tokio-und-aufs-kreuzfahrtschiff.mp3\/\">https:\/\/radiosummernight.ch\/podcast-player\/28179\/folge-8-weltreise-gestartet-von-zuerich-nach-tokio-und-aufs-kreuzfahrtschiff.mp3<\/a><\/audio><\/p>\n\t\t\t\t\t\t\t\t\t\t\t\t\t\t\t\t<p class=\"ssp-episode-list-content\">Drei Monate Weltreise beginnen mit einem einzigen Moment: dem Abflug in Z\u00fcrich. In dieser Folge von Wellengang \u2013 Der Kreuzfahrtpodcast erz\u00e4hlen Gian-Luca und Christian, wie sich der Start in ihr grosses Abenteuer angef\u00fchlt hat \u2013 zwischen Vorfreude, Jetlag und den ersten intensiven Eindr\u00fccken in Tokio. Von langen Fl\u00fcgen mit Zwischenstopp in Dubai \u00fcber ein \u00fcberraschend&hellip; <br> <a class=\"read-more\" href=\"https:\/\/radiosummernight.ch\/fr\/folge-8-weltreise-gestartet-von-zuerich-nach-tokio-und-aufs-kreuzfahrtschiff\/\">Read more<\/a><\/p>\n\t\t\t\t\t\t\t\t\t\t\t\t\t\t<\/div>\n\t\t\t<\/article>\n\t\t\t\t\t\t\t\t<article class=\"podcast-28106 podcast type-podcast\">\n\t\t\t\t\t\t\t\t<h3 class=\"ssp-episode-title\">\n\t\t\t\t\t<a class=\"entry-title-link\" rel=\"bookmark\" href=\"https:\/\/radiosummernight.ch\/fr\/podcast\/minecraft-podcast\/\">\n\t\t\t\t\t\tMinecraft Podcast\t\t\t\t\t<\/a>\n\t\t\t\t<\/h3>\n\t\t\t\t\t\t\t\t<div class=\"podcast-content\">\n\t\t\t\t\t\t\t\t\t\t\t\t\t\t\t\t\t\t\t\t\t<p><audio class=\"wp-audio-shortcode\" id=\"audio-28106-15\" preload=\"none\" style=\"width: 100%;\" controls=\"controls\"><source type=\"audio\/mpeg\" src=\"https:\/\/radiosummernight.ch\/podcast-player\/28106\/minecraft-podcast.mp3?_=15\" \/><a href=\"https:\/\/radiosummernight.ch\/fr\/podcast-player\/28106\/minecraft-podcast.mp3\/\">https:\/\/radiosummernight.ch\/podcast-player\/28106\/minecraft-podcast.mp3<\/a><\/audio><\/p>\n\t\t\t\t\t\t\t\t\t\t\t\t\t\t\t\t<p class=\"ssp-episode-list-content\">wir erkl\u00e4ren wie der unterschied ist von kreativ\/\u00fcberlebens modus. und was die Kreaturen sind ,was die Bl\u00f6cke sind und noch Tipps Erz\u00e4hlen tun Ben und Jorin. wir hoffen das euch den podcast gef\u00e4llt &nbsp;<\/p>\n\t\t\t\t\t\t\t\t\t\t\t\t\t\t<\/div>\n\t\t\t<\/article>\n\t\t\t\t\t\t\t\t<article class=\"podcast-28103 podcast type-podcast\">\n\t\t\t\t\t\t\t\t<h3 class=\"ssp-episode-title\">\n\t\t\t\t\t<a class=\"entry-title-link\" rel=\"bookmark\" href=\"https:\/\/radiosummernight.ch\/fr\/podcast\/musik-podcast\/\">\n\t\t\t\t\t\tMusik Podcast\t\t\t\t\t<\/a>\n\t\t\t\t<\/h3>\n\t\t\t\t\t\t\t\t<div class=\"podcast-content\">\n\t\t\t\t\t\t\t\t\t\t\t\t\t\t\t\t\t\t\t\t\t<p><audio class=\"wp-audio-shortcode\" id=\"audio-28103-16\" preload=\"none\" style=\"width: 100%;\" controls=\"controls\"><source type=\"audio\/mpeg\" src=\"https:\/\/radiosummernight.ch\/podcast-player\/28103\/musik-podcast.mp3?_=16\" \/><a href=\"https:\/\/radiosummernight.ch\/fr\/podcast-player\/28103\/musik-podcast.mp3\/\">https:\/\/radiosummernight.ch\/podcast-player\/28103\/musik-podcast.mp3<\/a><\/audio><\/p>\n\t\t\t\t\t\t\t\t\t\t\t\t\t\t\t\t<p class=\"ssp-episode-list-content\">In diesem Podcast sprechen wir \u00fcber unsere Lieblingsmusik und K\u00fcnstler*innen, die uns aktuell begeistern. Im Fokus stehen dabei Ray Dalton, Bruno Mars und Zara Larsson. Wir teilen unsere pers\u00f6nlichen Eindr\u00fccke, diskutieren ihre Songs und erz\u00e4hlen, warum uns ihre Musik besonders anspricht. Freut euch auf einen lockeren Austausch \u00fcber aktuelle Hits, musikalische Trends und die Tracks,&hellip; <br> <a class=\"read-more\" href=\"https:\/\/radiosummernight.ch\/fr\/podcast\/musik-podcast\/\">Read more<\/a><\/p>\n\t\t\t\t\t\t\t\t\t\t\t\t\t\t<\/div>\n\t\t\t<\/article>\n\t\t\t\t\t\t\t\t<article class=\"podcast-27928 podcast type-podcast\">\n\t\t\t\t\t\t\t\t<h3 class=\"ssp-episode-title\">\n\t\t\t\t\t<a class=\"entry-title-link\" rel=\"bookmark\" href=\"https:\/\/radiosummernight.ch\/fr\/hausverbot-im-club-wegen-thermounterwaesche\/\">\n\t\t\t\t\t\tHausverbot im Club wegen Thermounterw\u00e4sche\t\t\t\t\t<\/a>\n\t\t\t\t<\/h3>\n\t\t\t\t\t\t\t\t<div class=\"podcast-content\">\n\t\t\t\t\t\t\t\t\t\t\t\t\t\t\t\t\t\t\t\t\t<p><audio class=\"wp-audio-shortcode\" id=\"audio-27928-17\" preload=\"none\" style=\"width: 100%;\" controls=\"controls\"><source type=\"audio\/mpeg\" src=\"https:\/\/radiosummernight.ch\/podcast-player\/27928\/hausverbot-im-club-wegen-thermounterwaesche.mp3?_=17\" \/><a href=\"https:\/\/radiosummernight.ch\/fr\/podcast-player\/27928\/hausverbot-im-club-wegen-thermounterwaesche.mp3\/\">https:\/\/radiosummernight.ch\/podcast-player\/27928\/hausverbot-im-club-wegen-thermounterwaesche.mp3<\/a><\/audio><\/p>\n\t\t\t\t\t\t\t\t\t\t\t\t\t\t\t\t<p class=\"ssp-episode-list-content\">Alec und Julien studieren gemeinsam an der ZHAW Kommunikation und Medien. Sie befinden sich im 2. Semester und stehen kurz vor der Vertiefungswahl. Beide wollen in den Journalismus einsteigen. Die beide angehenden Journalisten erz\u00e4hlen nebst dem Studienalltag auch vom Studentenleben ausserhalb der Hochschule. Interessierst du dich f\u00fcr den Studiengang Kommunikation und Medien an der ZHAW&hellip; <br> <a class=\"read-more\" href=\"https:\/\/radiosummernight.ch\/fr\/hausverbot-im-club-wegen-thermounterwaesche\/\">Read more<\/a><\/p>\n\t\t\t\t\t\t\t\t\t\t\t\t\t\t<\/div>\n\t\t\t<\/article>\n\t\t\t\t\t\t\t\t<article class=\"podcast-27383 podcast type-podcast\">\n\t\t\t\t\t\t\t\t<h3 class=\"ssp-episode-title\">\n\t\t\t\t\t<a class=\"entry-title-link\" rel=\"bookmark\" href=\"https:\/\/radiosummernight.ch\/fr\/rueti-von-a-bis-z-eine-entdeckungsreise-durch-die-quartiere-teil-3\/\">\n\t\t\t\t\t\tR\u00fcti von A bis Z &#8211; eine Entdeckungsreise durch die Quartiere Teil 3\t\t\t\t\t<\/a>\n\t\t\t\t<\/h3>\n\t\t\t\t\t\t\t\t<div class=\"podcast-content\">\n\t\t\t\t\t\t\t\t\t\t\t\t\t\t\t\t\t\t\t\t\t<p><audio class=\"wp-audio-shortcode\" id=\"audio-27383-18\" preload=\"none\" style=\"width: 100%;\" controls=\"controls\"><source type=\"audio\/mpeg\" src=\"https:\/\/radiosummernight.ch\/podcast-player\/27383\/rueti-von-a-bis-z-eine-entdeckungsreise-durch-die-quartiere-teil-3.mp3?_=18\" \/><a href=\"https:\/\/radiosummernight.ch\/fr\/podcast-player\/27383\/rueti-von-a-bis-z-eine-entdeckungsreise-durch-die-quartiere-teil-3.mp3\/\">https:\/\/radiosummernight.ch\/podcast-player\/27383\/rueti-von-a-bis-z-eine-entdeckungsreise-durch-die-quartiere-teil-3.mp3<\/a><\/audio><\/p>\n\t\t\t\t\t\t\t\t\t\t\t\t\t\t\t\t<p class=\"ssp-episode-list-content\">In dieser Folge erkunden wir noch die restlichen Quartiere R\u00fctis. Wir starten im Ferrachquartier, dem historischen Dorfkern, in dem die Bauern seit 1238 ihre Eigenst\u00e4ndigkeit bewahren konnten. \u00dcber Weier mit seinem historischen Schiessplatz, dem Tibeterhaus und alten Kleinbauernh\u00f6fen geht es in das T\u00e4usiquartier, das gr\u00f6sstenteils landwirtschaftlich genutzt wird, weiter ins Bergacherquartier mit moderner Wohn\u00fcberbauung. Das&hellip; <br> <a class=\"read-more\" href=\"https:\/\/radiosummernight.ch\/fr\/rueti-von-a-bis-z-eine-entdeckungsreise-durch-die-quartiere-teil-3\/\">Read more<\/a><\/p>\n\t\t\t\t\t\t\t\t\t\t\t\t\t\t<\/div>\n\t\t\t<\/article>\n\t\t\t\t\t\t\t\t<article class=\"podcast-27521 podcast type-podcast\">\n\t\t\t\t\t\t\t\t<h3 class=\"ssp-episode-title\">\n\t\t\t\t\t<a class=\"entry-title-link\" rel=\"bookmark\" href=\"https:\/\/radiosummernight.ch\/fr\/dubai-nahost-eskalation-wie-sicher-sind-kreuzfahrten-jetzt\/\">\n\t\t\t\t\t\tDubai &#038; Nahost-Eskalation: Wie sicher sind Kreuzfahrten jetzt?\t\t\t\t\t<\/a>\n\t\t\t\t<\/h3>\n\t\t\t\t\t\t\t\t<div class=\"podcast-content\">\n\t\t\t\t\t\t\t\t\t\t\t\t\t\t\t\t\t\t\t\t\t<p><audio class=\"wp-audio-shortcode\" id=\"audio-27521-19\" preload=\"none\" style=\"width: 100%;\" controls=\"controls\"><source type=\"audio\/mpeg\" src=\"https:\/\/radiosummernight.ch\/podcast-player\/27521\/dubai-nahost-eskalation-wie-sicher-sind-kreuzfahrten-jetzt.mp3?_=19\" \/><a href=\"https:\/\/radiosummernight.ch\/fr\/podcast-player\/27521\/dubai-nahost-eskalation-wie-sicher-sind-kreuzfahrten-jetzt.mp3\/\">https:\/\/radiosummernight.ch\/podcast-player\/27521\/dubai-nahost-eskalation-wie-sicher-sind-kreuzfahrten-jetzt.mp3<\/a><\/audio><\/p>\n\t\t\t\t\t\t\t\t\t\t\t\t\t\t\t\t<p class=\"ssp-episode-list-content\">Eskalation im Nahen Osten, gesperrte Luftr\u00e4ume \u00fcber Dubai, gestrichene Fl\u00fcge und Kreuzfahrtschiffe im Persischen Golf. Was bedeutet das aktuell f\u00fcr Dubai-Kreuzfahrten und Suezkanal-Routen? In dieser Folge sprechen wir \u00fcber: \u2022 Dubai als Kreuzfahrt-Drehkreuz im Persischen Golf \u2022 Auswirkungen der Nahost-Krise auf Fl\u00fcge nach Dubai \u2022 Sicherheit auf Kreuzfahrtschiffen in der Region \u2022 Suezkanal-Kreuzfahrt bis Dubai&hellip; <br> <a class=\"read-more\" href=\"https:\/\/radiosummernight.ch\/fr\/dubai-nahost-eskalation-wie-sicher-sind-kreuzfahrten-jetzt\/\">Read more<\/a><\/p>\n\t\t\t\t\t\t\t\t\t\t\t\t\t\t<\/div>\n\t\t\t<\/article>\n\t\t\t\t\t\t\t\t<article class=\"podcast-27381 podcast type-podcast\">\n\t\t\t\t\t\t\t\t<h3 class=\"ssp-episode-title\">\n\t\t\t\t\t<a class=\"entry-title-link\" rel=\"bookmark\" href=\"https:\/\/radiosummernight.ch\/fr\/rueti-von-a-bis-z-eine-entdeckungsreise-durch-die-quartiere-teil-2\/\">\n\t\t\t\t\t\tR\u00fcti von A bis Z &#8211; eine Entdeckungsreise durch die Quartiere Teil 2\t\t\t\t\t<\/a>\n\t\t\t\t<\/h3>\n\t\t\t\t\t\t\t\t<div class=\"podcast-content\">\n\t\t\t\t\t\t\t\t\t\t\t\t\t\t\t\t\t\t\t\t\t<p><audio class=\"wp-audio-shortcode\" id=\"audio-27381-20\" preload=\"none\" style=\"width: 100%;\" controls=\"controls\"><source type=\"audio\/mpeg\" src=\"https:\/\/radiosummernight.ch\/podcast-player\/27381\/rueti-von-a-bis-z-eine-entdeckungsreise-durch-die-quartiere-teil-2.mp3?_=20\" \/><a href=\"https:\/\/radiosummernight.ch\/fr\/podcast-player\/27381\/rueti-von-a-bis-z-eine-entdeckungsreise-durch-die-quartiere-teil-2.mp3\/\">https:\/\/radiosummernight.ch\/podcast-player\/27381\/rueti-von-a-bis-z-eine-entdeckungsreise-durch-die-quartiere-teil-2.mp3<\/a><\/audio><\/p>\n\t\t\t\t\t\t\t\t\t\t\t\t\t\t\t\t<p class=\"ssp-episode-list-content\">In dieser Folge setzen wir unseren Spaziergang durch R\u00fcti fort. Wir starten in der W\u00fcrzhalde, einem historischen Riegelhaus aus 1780, das zeitweise als Ausflugsrestaurant diente. Dann gelangen wir zum Pilgersteg, einem der ersten Jona-Stege f\u00fcr Pilger. Weiter geht es nach F\u00e4gswil, bis zum kuriosen Neu York, benannt nach dem Traum eines Bauernsohns. Im Niggital mit&hellip; <br> <a class=\"read-more\" href=\"https:\/\/radiosummernight.ch\/fr\/rueti-von-a-bis-z-eine-entdeckungsreise-durch-die-quartiere-teil-2\/\">Read more<\/a><\/p>\n\t\t\t\t\t\t\t\t\t\t\t\t\t\t<\/div>\n\t\t\t<\/article>\n\t\t\t\t\t\t\t\t<article class=\"podcast-27379 podcast type-podcast\">\n\t\t\t\t\t\t\t\t<h3 class=\"ssp-episode-title\">\n\t\t\t\t\t<a class=\"entry-title-link\" rel=\"bookmark\" href=\"https:\/\/radiosummernight.ch\/fr\/rueti-von-a-bis-z-eine-entdeckungsreise-durch-die-quartiere-teil-1\/\">\n\t\t\t\t\t\tR\u00fcti von A bis Z &#8211; eine Entdeckungsreise durch die Quartiere Teil 1\t\t\t\t\t<\/a>\n\t\t\t\t<\/h3>\n\t\t\t\t\t\t\t\t<div class=\"podcast-content\">\n\t\t\t\t\t\t\t\t\t\t\t\t\t\t\t\t\t\t\t\t\t<p><audio class=\"wp-audio-shortcode\" id=\"audio-27379-21\" preload=\"none\" style=\"width: 100%;\" controls=\"controls\"><source type=\"audio\/mpeg\" src=\"https:\/\/radiosummernight.ch\/podcast-player\/27379\/rueti-von-a-bis-z-eine-entdeckungsreise-durch-die-quartiere-teil-1.mp3?_=21\" \/><a href=\"https:\/\/radiosummernight.ch\/fr\/podcast-player\/27379\/rueti-von-a-bis-z-eine-entdeckungsreise-durch-die-quartiere-teil-1.mp3\/\">https:\/\/radiosummernight.ch\/podcast-player\/27379\/rueti-von-a-bis-z-eine-entdeckungsreise-durch-die-quartiere-teil-1.mp3<\/a><\/audio><\/p>\n\t\t\t\t\t\t\t\t\t\t\t\t\t\t\t\t<p class=\"ssp-episode-list-content\">In dieser und den n\u00e4chsten zwei Folgen nehmen wir dich mit auf einen Spaziergang durch die vielf\u00e4ltigen Quartiere von R\u00fcti. Wir starten im Bandwies, einem ehemaligen Ried mit spannender Geschichte rund um Tierarzt Vontobel. Weiter geht es durch das Chlaus-Quartier, gepr\u00e4gt von Friedhof, Krematorium und Kapelle zu Ehren des Heiligen Nikolaus. Wir erkunden\u00a0Bauhof und Seefeld,&hellip; <br> <a class=\"read-more\" href=\"https:\/\/radiosummernight.ch\/fr\/rueti-von-a-bis-z-eine-entdeckungsreise-durch-die-quartiere-teil-1\/\">Read more<\/a><\/p>\n\t\t\t\t\t\t\t\t\t\t\t\t\t\t<\/div>\n\t\t\t<\/article>\n\t\t\t\t\t\t\t<\/div>\n\t\t<div class=\"ssp-podcast-list__pagination ssp-podcast-list__pagination--full\"><span aria-current=\"page\" class=\"page-numbers current\">1<\/span>\n<a class=\"page-numbers\" href=\"https:\/\/radiosummernight.ch\/fr\/wp-json\/wp\/v2\/pages\/28404\/?podcast_page=2\">2<\/a>\n<a class=\"page-numbers\" href=\"https:\/\/radiosummernight.ch\/fr\/wp-json\/wp\/v2\/pages\/28404\/?podcast_page=3\">3<\/a>\n<span class=\"page-numbers dots\">\u2026<\/span>\n<a class=\"page-numbers\" href=\"https:\/\/radiosummernight.ch\/fr\/wp-json\/wp\/v2\/pages\/28404\/?podcast_page=22\">22<\/a>\n<a class=\"next page-numbers\" href=\"https:\/\/radiosummernight.ch\/fr\/wp-json\/wp\/v2\/pages\/28404\/?podcast_page=2\">Older Episodes &raquo;<\/a><\/div>\t<\/div>","protected":false},"excerpt":{"rendered":"","protected":false},"author":1,"featured_media":0,"parent":0,"menu_order":0,"comment_status":"closed","ping_status":"closed","template":"","meta":{"episode_type":"","audio_file":"","podmotor_file_id":"","podmotor_episode_id":"","cover_image":"","cover_image_id":"","duration":"","filesize":"","filesize_raw":"","date_recorded":"","explicit":"","block":"","itunes_episode_number":"","itunes_title":"","itunes_season_number":"","itunes_episode_type":"","footnotes":""},"class_list":["post-28404","page","type-page","status-publish","hentry"],"_links":{"self":[{"href":"https:\/\/radiosummernight.ch\/fr\/wp-json\/wp\/v2\/pages\/28404","targetHints":{"allow":["GET"]}}],"collection":[{"href":"https:\/\/radiosummernight.ch\/fr\/wp-json\/wp\/v2\/pages"}],"about":[{"href":"https:\/\/radiosummernight.ch\/fr\/wp-json\/wp\/v2\/types\/page"}],"author":[{"embeddable":true,"href":"https:\/\/radiosummernight.ch\/fr\/wp-json\/wp\/v2\/users\/1"}],"replies":[{"embeddable":true,"href":"https:\/\/radiosummernight.ch\/fr\/wp-json\/wp\/v2\/comments?post=28404"}],"version-history":[{"count":0,"href":"https:\/\/radiosummernight.ch\/fr\/wp-json\/wp\/v2\/pages\/28404\/revisions"}],"wp:attachment":[{"href":"https:\/\/radiosummernight.ch\/fr\/wp-json\/wp\/v2\/media?parent=28404"}],"curies":[{"name":"wp","href":"https:\/\/api.w.org\/{rel}","templated":true}]}}